{"id":355,"date":"2019-02-28T10:41:44","date_gmt":"2019-02-28T09:41:44","guid":{"rendered":"http:\/\/www.ubitech-formation.com\/?page_id=355"},"modified":"2019-12-20T08:53:24","modified_gmt":"2019-12-20T07:53:24","slug":"securite-accroche-levage-autorisation-de-conduite","status":"publish","type":"page","link":"https:\/\/www.ubitech-formation.com\/index.php\/securite-accroche-levage-autorisation-de-conduite\/","title":{"rendered":"S\u00e9curit\u00e9 &#8211; Accroche levage &#8211; Autorisation de conduite"},"content":{"rendered":"<p>[et_pb_section fb_built=\u00a0\u00bb1&Prime; admin_label=\u00a0\u00bbPage Title Section\u00a0\u00bb _builder_version=\u00a0\u00bb3.5&Prime; use_background_color_gradient=\u00a0\u00bbon\u00a0\u00bb background_color_gradient_start=\u00a0\u00bb#000000&Prime; background_color_gradient_end=\u00a0\u00bbrgba(0,0,0,0)\u00a0\u00bb background_color_gradient_direction=\u00a0\u00bb120deg\u00a0\u00bb background_color_gradient_overlays_image=\u00a0\u00bbon\u00a0\u00bb background_image=\u00a0\u00bbhttp:\/\/www.ubitech-formation.com\/wp-content\/uploads\/2019\/05\/Accroche-levage.jpg\u00a0\u00bb custom_padding=\u00a0\u00bb110px||110px||false|false\u00a0\u00bb][et_pb_row custom_padding=\u00a0\u00bb27px|0|27px|0px|false|false\u00a0\u00bb admin_label=\u00a0\u00bbPage Title Area\u00a0\u00bb _builder_version=\u00a0\u00bb3.0.47&Prime; background_size=\u00a0\u00bbinitial\u00a0\u00bb background_position=\u00a0\u00bbtop_left\u00a0\u00bb background_repeat=\u00a0\u00bbrepeat\u00a0\u00bb][et_pb_column type=\u00a0\u00bb2_3&Prime; _builder_version=\u00a0\u00bb3.0.47&Prime; parallax=\u00a0\u00bboff\u00a0\u00bb parallax_method=\u00a0\u00bbon\u00a0\u00bb][et_pb_text admin_label=\u00a0\u00bbTitle\u00a0\u00bb _builder_version=\u00a0\u00bb3.5&Prime; header_font=\u00a0\u00bbPoppins|600|||||||\u00a0\u00bb header_font_size=\u00a0\u00bb60px\u00a0\u00bb header_font_size_phone=\u00a0\u00bb40px\u00a0\u00bb header_font_size_last_edited=\u00a0\u00bbon|desktop\u00a0\u00bb header_line_height=\u00a0\u00bb1.2em\u00a0\u00bb header_2_font_size_last_edited=\u00a0\u00bboff|desktop\u00a0\u00bb background_layout=\u00a0\u00bbdark\u00a0\u00bb custom_margin=\u00a0\u00bb||20px|\u00a0\u00bb custom_padding=\u00a0\u00bb|||\u00a0\u00bb animation_style=\u00a0\u00bbfade\u00a0\u00bb]<\/p>\n<h1>Accroche levage &#8211; Autorisation de conduite<\/h1>\n<p>[\/et_pb_text][et_pb_text admin_label=\u00a0\u00bbPage Subtitle\u00a0\u00bb _builder_version=\u00a0\u00bb3.0.94&Prime; text_font=\u00a0\u00bbPoppins||||||||\u00a0\u00bb text_font_size=\u00a0\u00bb18px\u00a0\u00bb text_line_height=\u00a0\u00bb1.8em\u00a0\u00bb header_font=\u00a0\u00bb||||||||\u00a0\u00bb background_layout=\u00a0\u00bbdark\u00a0\u00bb animation_style=\u00a0\u00bbfade\u00a0\u00bb]<\/p>\n<p><strong>Dur\u00e9e :<\/strong>\u00a035 heures sur 5 \u00a0jours<br \/> <strong>Dates :<\/strong> Nous consulter ou voir\u00a0 calendrier<br \/> <strong>Date limite d&rsquo;inscription aupr\u00e8s de l\u2019Afdas:<\/strong> 4 semaines avant le d\u00e9but de la formation<br \/> <strong>Co\u00fbt de la formation :<\/strong> 1 230\u20ac HT. Prise en charge Opca (Afdas etc\u2026.)<br \/> <strong>Nombre maximum de participants :<\/strong>\u00a010<\/p>\n<p>[\/et_pb_text][\/et_pb_column][et_pb_column type=\u00a0\u00bb1_3&Prime; _builder_version=\u00a0\u00bb3.0.47&Prime; parallax=\u00a0\u00bboff\u00a0\u00bb parallax_method=\u00a0\u00bbon\u00a0\u00bb][\/et_pb_column][\/et_pb_row][et_pb_row _builder_version=\u00a0\u00bb3.5&Prime;][et_pb_column type=\u00a0\u00bb4_4&Prime; _builder_version=\u00a0\u00bb3.0.47&Prime; parallax=\u00a0\u00bboff\u00a0\u00bb parallax_method=\u00a0\u00bbon\u00a0\u00bb][et_pb_button button_url=\u00a0\u00bbhttp:\/\/www.ubitech-formation.com\/index.php\/calendriers\/\u00a0\u00bb button_text=\u00a0\u00bbVoir le calendrier des formations\u00a0\u00bb _builder_version=\u00a0\u00bb3.5&Prime; background_layout=\u00a0\u00bbdark\u00a0\u00bb][\/et_pb_button][\/et_pb_column][\/et_pb_row][\/et_pb_section][et_pb_section fb_built=\u00a0\u00bb1&Prime; admin_label=\u00a0\u00bbClass Details Section\u00a0\u00bb _builder_version=\u00a0\u00bb3.5&Prime; background_color=\u00a0\u00bb#ffffff\u00a0\u00bb custom_padding=\u00a0\u00bb52px||52px||true|false\u00a0\u00bb][et_pb_row custom_padding=\u00a0\u00bb27px|0px|7px|0px|false|false\u00a0\u00bb admin_label=\u00a0\u00bbClass Details Area\u00a0\u00bb _builder_version=\u00a0\u00bb3.0.93&Prime;][et_pb_column type=\u00a0\u00bb4_4&Prime; _builder_version=\u00a0\u00bb3.0.47&Prime; parallax=\u00a0\u00bboff\u00a0\u00bb parallax_method=\u00a0\u00bbon\u00a0\u00bb][et_pb_text admin_label=\u00a0\u00bbTitle\u00a0\u00bb _builder_version=\u00a0\u00bb3.0.93&Prime; text_font=\u00a0\u00bb||||||||\u00a0\u00bb header_font=\u00a0\u00bb||||||||\u00a0\u00bb header_2_font=\u00a0\u00bbPoppins|600|||||||\u00a0\u00bb header_2_text_align=\u00a0\u00bbcenter\u00a0\u00bb header_2_font_size=\u00a0\u00bb36px\u00a0\u00bb header_2_line_height=\u00a0\u00bb1.2em\u00a0\u00bb custom_margin=\u00a0\u00bb||0px|\u00a0\u00bb custom_padding=\u00a0\u00bb|||\u00a0\u00bb animation_style=\u00a0\u00bbfade\u00a0\u00bb]<\/p>\n<h2>Pr\u00e9sentation de la formation<\/h2>\n<p>[\/et_pb_text][et_pb_divider color=\u00a0\u00bb#fdb467&Prime; divider_position=\u00a0\u00bbcenter\u00a0\u00bb divider_weight=\u00a0\u00bb3px\u00a0\u00bb _builder_version=\u00a0\u00bb3.2&Prime; max_width=\u00a0\u00bb50px\u00a0\u00bb module_alignment=\u00a0\u00bbcenter\u00a0\u00bb animation_style=\u00a0\u00bbslide\u00a0\u00bb animation_direction=\u00a0\u00bbtop\u00a0\u00bb animation_intensity_slide=\u00a0\u00bb10%\u00a0\u00bb animation_starting_opacity=\u00a0\u00bb100%\u00a0\u00bb][\/et_pb_divider][\/et_pb_column][\/et_pb_row][et_pb_row custom_padding=\u00a0\u00bb27px|0px|28px|0px|false|false\u00a0\u00bb custom_margin=\u00a0\u00bb|||\u00a0\u00bb admin_label=\u00a0\u00bbCourse Overview Area \u00a0\u00bb _builder_version=\u00a0\u00bb3.0.93&Prime;][et_pb_column type=\u00a0\u00bb4_4&Prime; _builder_version=\u00a0\u00bb3.0.47&Prime; parallax=\u00a0\u00bboff\u00a0\u00bb parallax_method=\u00a0\u00bbon\u00a0\u00bb][et_pb_text admin_label=\u00a0\u00bbTitle\u00a0\u00bb _builder_version=\u00a0\u00bb3.5&Prime; header_font=\u00a0\u00bb||||||||\u00a0\u00bb header_3_font=\u00a0\u00bbPoppins|600|||||||\u00a0\u00bb header_3_line_height=\u00a0\u00bb1.2em\u00a0\u00bb custom_margin=\u00a0\u00bb||10px|\u00a0\u00bb animation_style=\u00a0\u00bbfade\u00a0\u00bb]<\/p>\n<h3 style=\"text-align: left;\">But de la formation<\/h3>\n<p>[\/et_pb_text][et_pb_text _builder_version=\u00a0\u00bb3.0.94&Prime; text_font=\u00a0\u00bbPoppins||||||||\u00a0\u00bb text_font_size=\u00a0\u00bb18px\u00a0\u00bb text_line_height=\u00a0\u00bb1.8em\u00a0\u00bb header_font=\u00a0\u00bb||||||||\u00a0\u00bb header_3_font=\u00a0\u00bb||||||||\u00a0\u00bb animation_style=\u00a0\u00bbfade\u00a0\u00bb]<\/p>\n<div class=\"page\" title=\"Page 1\">\n<div class=\"section\">\n<div class=\"layoutArea\">\n<div class=\"column\">\n<p>Pr\u00e9paration \u00e0 l\u2019habilitation accrochage et levage. A l\u2019issue de cette formation, le stagiaire pourra \u00eatre\u00a0capable de r\u00e9aliser les diff\u00e9rents \u00e9lingages dans les r\u00e8gles de l\u2019art et en toute s\u00e9curit\u00e9.\u00a0Les stagiaires qui auront valid\u00e9 la formation se verront d\u00e9livrer une attestation de stage leur permettant\u00a0d\u2019\u00eatre habilit\u00e9s par leur employeur \u00e0 l\u2019utilisation des appareils de levage.<\/p>\n<\/div>\n<\/div>\n<\/div>\n<\/div>\n<p>[\/et_pb_text][\/et_pb_column][\/et_pb_row][et_pb_row custom_padding=\u00a0\u00bb27px|0px|27px|0px|false|false\u00a0\u00bb custom_margin=\u00a0\u00bb|||\u00a0\u00bb admin_label=\u00a0\u00bbCourse Overview Area \u00a0\u00bb _builder_version=\u00a0\u00bb3.0.93&Prime;][et_pb_column type=\u00a0\u00bb4_4&Prime; _builder_version=\u00a0\u00bb3.0.47&Prime; parallax=\u00a0\u00bboff\u00a0\u00bb parallax_method=\u00a0\u00bbon\u00a0\u00bb][et_pb_text admin_label=\u00a0\u00bbTitle\u00a0\u00bb _builder_version=\u00a0\u00bb3.5&Prime; header_font=\u00a0\u00bb||||||||\u00a0\u00bb header_3_font=\u00a0\u00bbPoppins|600|||||||\u00a0\u00bb header_3_line_height=\u00a0\u00bb1.2em\u00a0\u00bb custom_margin=\u00a0\u00bb||10px|\u00a0\u00bb animation_style=\u00a0\u00bbfade\u00a0\u00bb]<\/p>\n<h3 style=\"text-align: left;\">Pr\u00e9-requis<\/h3>\n<p>[\/et_pb_text][et_pb_text _builder_version=\u00a0\u00bb3.0.94&Prime; text_font=\u00a0\u00bbPoppins||||||||\u00a0\u00bb text_font_size=\u00a0\u00bb18px\u00a0\u00bb text_line_height=\u00a0\u00bb1.8em\u00a0\u00bb header_font=\u00a0\u00bb||||||||\u00a0\u00bb header_3_font=\u00a0\u00bb||||||||\u00a0\u00bb animation_style=\u00a0\u00bbfade\u00a0\u00bb]<\/p>\n<div class=\"page\" title=\"Page 1\">\n<div class=\"section\">\n<div class=\"layoutArea\">\n<div class=\"column\">\n<div class=\"page\" title=\"Page 1\">\n<div class=\"section\">\n<div class=\"layoutArea\">\n<div class=\"column\">\n<p>Une exp\u00e9rience pratique du levage est recommand\u00e9e.<\/p>\n<\/div>\n<\/div>\n<\/div>\n<\/div>\n<\/div>\n<\/div>\n<\/div>\n<\/div>\n<p>[\/et_pb_text][\/et_pb_column][\/et_pb_row][et_pb_row custom_padding=\u00a0\u00bb27px|0px|27px|0px|false|false\u00a0\u00bb custom_margin=\u00a0\u00bb|||\u00a0\u00bb admin_label=\u00a0\u00bbCourse Overview Area \u00a0\u00bb _builder_version=\u00a0\u00bb3.0.93&Prime;][et_pb_column type=\u00a0\u00bb4_4&Prime; _builder_version=\u00a0\u00bb3.0.47&Prime; parallax=\u00a0\u00bboff\u00a0\u00bb parallax_method=\u00a0\u00bbon\u00a0\u00bb][et_pb_text admin_label=\u00a0\u00bbTitle\u00a0\u00bb _builder_version=\u00a0\u00bb3.5&Prime; header_font=\u00a0\u00bb||||||||\u00a0\u00bb header_3_font=\u00a0\u00bbPoppins|600|||||||\u00a0\u00bb header_3_line_height=\u00a0\u00bb1.2em\u00a0\u00bb custom_margin=\u00a0\u00bb||10px|\u00a0\u00bb animation_style=\u00a0\u00bbfade\u00a0\u00bb]<\/p>\n<h3 style=\"text-align: left;\">Personnes concern\u00e9es<\/h3>\n<p>[\/et_pb_text][et_pb_text _builder_version=\u00a0\u00bb3.0.94&Prime; text_font=\u00a0\u00bbPoppins||||||||\u00a0\u00bb text_font_size=\u00a0\u00bb18px\u00a0\u00bb text_line_height=\u00a0\u00bb1.8em\u00a0\u00bb header_font=\u00a0\u00bb||||||||\u00a0\u00bb header_3_font=\u00a0\u00bb||||||||\u00a0\u00bb animation_style=\u00a0\u00bbfade\u00a0\u00bb]<\/p>\n<div class=\"page\" title=\"Page 1\">\n<div class=\"section\">\n<div class=\"layoutArea\">\n<div class=\"column\">\n<p>La formation s&rsquo;adresse \u00e0 tous les techniciens et r\u00e9gisseurs du spectacle vivant.<\/p>\n<\/div>\n<\/div>\n<\/div>\n<\/div>\n<p>[\/et_pb_text][\/et_pb_column][\/et_pb_row][et_pb_row custom_padding=\u00a0\u00bb|||\u00a0\u00bb custom_margin=\u00a0\u00bb|||\u00a0\u00bb admin_label=\u00a0\u00bbCourse Overview Area \u00a0\u00bb _builder_version=\u00a0\u00bb3.0.93&Prime;][et_pb_column type=\u00a0\u00bb4_4&Prime; _builder_version=\u00a0\u00bb3.0.47&Prime; parallax=\u00a0\u00bboff\u00a0\u00bb parallax_method=\u00a0\u00bbon\u00a0\u00bb][et_pb_text admin_label=\u00a0\u00bbTitle\u00a0\u00bb _builder_version=\u00a0\u00bb3.0.93&Prime; header_font=\u00a0\u00bb||||||||\u00a0\u00bb header_3_font=\u00a0\u00bbPoppins|600|||||||\u00a0\u00bb header_3_line_height=\u00a0\u00bb1.2em\u00a0\u00bb custom_margin=\u00a0\u00bb||20px|\u00a0\u00bb animation_style=\u00a0\u00bbfade\u00a0\u00bb]<\/p>\n<h3>Objectifs p\u00e9dagogiques<\/h3>\n<p>[\/et_pb_text][et_pb_text _builder_version=\u00a0\u00bb3.0.94&Prime; text_font=\u00a0\u00bbPoppins||||||||\u00a0\u00bb text_font_size=\u00a0\u00bb18px\u00a0\u00bb text_line_height=\u00a0\u00bb1.8em\u00a0\u00bb header_font=\u00a0\u00bb||||||||\u00a0\u00bb header_3_font=\u00a0\u00bb||||||||\u00a0\u00bb animation_style=\u00a0\u00bbfade\u00a0\u00bb]<\/p>\n<div class=\"page\" title=\"Page 1\">\n<div class=\"section\">\n<div class=\"layoutArea\">\n<div class=\"column\">\n<p>1. Accrocher des \u00e9quipements d\u2019\u00e9clairage, sonorisation, d\u00e9cors et draperies dans les r\u00e8gles de l\u2019art<\/p>\n<p>2. Conduire les \u00e9quipements de levage sc\u00e9niques en toute s\u00e9curit\u00e9<\/p>\n<p>3. Respecter l\u2019obligation de formation pr\u00e9vue par le code du travail (R 4323-56) pour la d\u00e9livrance de\u00a0l\u2019autorisation de conduite des appareils de levage.<\/p>\n<\/div>\n<\/div>\n<\/div>\n<\/div>\n<p>[\/et_pb_text][\/et_pb_column][\/et_pb_row][et_pb_row custom_padding=\u00a0\u00bb|||\u00a0\u00bb custom_margin=\u00a0\u00bb|||\u00a0\u00bb admin_label=\u00a0\u00bbCourse Overview Area \u00a0\u00bb _builder_version=\u00a0\u00bb3.0.93&Prime;][et_pb_column type=\u00a0\u00bb4_4&Prime; _builder_version=\u00a0\u00bb3.0.47&Prime; parallax=\u00a0\u00bboff\u00a0\u00bb parallax_method=\u00a0\u00bbon\u00a0\u00bb][et_pb_text admin_label=\u00a0\u00bbTitle\u00a0\u00bb _builder_version=\u00a0\u00bb3.0.93&Prime; header_font=\u00a0\u00bb||||||||\u00a0\u00bb header_3_font=\u00a0\u00bbPoppins|600|||||||\u00a0\u00bb header_3_line_height=\u00a0\u00bb1.2em\u00a0\u00bb custom_margin=\u00a0\u00bb||20px|\u00a0\u00bb animation_style=\u00a0\u00bbfade\u00a0\u00bb]<\/p>\n<h3>Programme de la formation<\/h3>\n<p>[\/et_pb_text][et_pb_text _builder_version=\u00a0\u00bb3.0.94&Prime; text_font=\u00a0\u00bb||||||||\u00a0\u00bb ul_font=\u00a0\u00bbPoppins||||||||\u00a0\u00bb ul_font_size=\u00a0\u00bb18px\u00a0\u00bb ul_line_height=\u00a0\u00bb2.2em\u00a0\u00bb header_font=\u00a0\u00bb||||||||\u00a0\u00bb animation_style=\u00a0\u00bbfade\u00a0\u00bb]<\/p>\n<p style=\"font-size: 18px; font-family: Poppins, Helvetica, Arial, Lucida, sans-serif;\">Journ\u00e9e 1 &#8211; LES R\u00c9F\u00c9RENTIELS &#8211; 7 h<\/p>\n<p style=\"font-size: 18px; font-family: Poppins, Helvetica, Arial, Lucida, sans-serif;\">Contenu<br \/>R\u00e9f\u00e9rentiel r\u00e9glementaire (Code du travail, Code de la Construction et de l\u2019Habitation,<br \/>R\u00e8glement des \u00c9tablissement Recevant du Public,\u2026)<br \/>R\u00e9f\u00e9rentiel normatif (Normes fran\u00e7aises, Eurocodes,\u2026)<br \/>R\u00e9f\u00e9rentiel professionnel (Guides techniques,\u2026)<br \/>Documents techniques (Fiches techniques, notice de montage, avis technique \u00ab solidit\u00e9 \u00bb,\u2026) <\/p>\n<p>&nbsp;<\/p>\n<p style=\"font-size: 18px; font-family: Poppins, Helvetica, Arial, Lucida, sans-serif;\">Journ\u00e9e 2 &#8211; LES NOTIONS DE BASE &#8211; 7 h<\/p>\n<p style=\"font-size: 18px; font-family: Poppins, Helvetica, Arial, Lucida, sans-serif;\">Contenu<br \/>Mat\u00e9riaux (Propri\u00e9t\u00e9s m\u00e9caniques)<br \/>Coefficient de s\u00e9curit\u00e9 ou pond\u00e9ration<br \/>Sollicitations (Contrainte, d\u00e9form\u00e9e,\u2026)<br \/>Calculs (Contrainte, moment, couple,\u2026)<br \/>Descentes de charge (Accroches, appuis,\u2026)<br \/>Taux de travail (Mat\u00e9riaux, sol,\u2026)<\/p>\n<p style=\"font-size: 18px; font-family: Poppins, Helvetica, Arial, Lucida, sans-serif;\">Journ\u00e9e 3 &#8211; LES R\u00c8GLES PROPRES AUX OP\u00c9RATIONS DE LEVAGE &#8211; 7 h<\/p>\n<p style=\"font-size: 18px; font-family: Poppins, Helvetica, Arial, Lucida, sans-serif;\">Contenu<br \/>R\u00e9glementation Europ\u00e9enne (Certification CE, notamment)<br \/>R\u00e9glementation Fran\u00e7aise (Sp\u00e9cifications fran\u00e7aises, contr\u00f4les r\u00e9glementaires,\u2026)<br \/>Obligations &#8211; Interdictions (Utilisation, s\u00e9curisation,\u2026)<br \/>Technologies -(Limiteur de charge, limiteur de couple, frein et double frein, limiteur de<br \/>course,\u2026)<br \/>Maintenance (Obligations de base)<\/p>\n<p style=\"font-size: 18px; font-family: Poppins, Helvetica, Arial, Lucida, sans-serif;\">Journ\u00e9e 4 et 5 &#8211; EXERCICES PRATIQUES &#8211; 14h<\/p>\n<p style=\"font-size: 18px; font-family: Poppins, Helvetica, Arial, Lucida, sans-serif;\">Mise en situation pratique.<br \/>Exercice de levage et de sous perchage.<br \/>\u00c9tude de cas concrets. <\/p>\n<p>&nbsp;<\/p>\n<p>&nbsp;<\/p>\n<p>&nbsp;<\/p>\n<p>&nbsp;<\/p>\n<p>[\/et_pb_text][\/et_pb_column][\/et_pb_row][et_pb_row custom_padding=\u00a0\u00bb|||\u00a0\u00bb custom_margin=\u00a0\u00bb|||\u00a0\u00bb admin_label=\u00a0\u00bbCourse Overview Area \u00a0\u00bb _builder_version=\u00a0\u00bb3.0.93&Prime;][et_pb_column type=\u00a0\u00bb4_4&Prime; _builder_version=\u00a0\u00bb3.0.47&Prime; parallax=\u00a0\u00bboff\u00a0\u00bb parallax_method=\u00a0\u00bbon\u00a0\u00bb][et_pb_text admin_label=\u00a0\u00bbTitle\u00a0\u00bb _builder_version=\u00a0\u00bb3.0.93&Prime; header_font=\u00a0\u00bb||||||||\u00a0\u00bb header_3_font=\u00a0\u00bbPoppins|600|||||||\u00a0\u00bb header_3_line_height=\u00a0\u00bb1.2em\u00a0\u00bb custom_margin=\u00a0\u00bb||20px|\u00a0\u00bb animation_style=\u00a0\u00bbfade\u00a0\u00bb]<\/p>\n<h3>Moyens p\u00e9dagogiques et techniques<\/h3>\n<p>[\/et_pb_text][et_pb_text _builder_version=\u00a0\u00bb3.0.94&Prime; text_font=\u00a0\u00bbPoppins||||||||\u00a0\u00bb text_font_size=\u00a0\u00bb18px\u00a0\u00bb text_line_height=\u00a0\u00bb1.8em\u00a0\u00bb header_font=\u00a0\u00bb||||||||\u00a0\u00bb header_3_font=\u00a0\u00bb||||||||\u00a0\u00bb animation_style=\u00a0\u00bbfade\u00a0\u00bb]<\/p>\n<p><strong>M\u00e9thode p\u00e9dagogique :<\/strong><\/p>\n<p>Travaux dirig\u00e9s, vid\u00e9o projecteur, support de cours num\u00e9rique et papier pour les stagiaires. Interaction\u00a0avec l\u2019intervenant.\u00a0La pratique sera exerc\u00e9e en milieu r\u00e9el dans un espace sc\u00e9nique.<\/p>\n<p>Test de connaissances. Bilan de formation.<\/p>\n<p><strong>Formateur th\u00e9orique :<\/strong> Richard Gil ,DIVERSIS : Contr\u00f4leur Technique \u00ab Solidit\u00e9 des structures \u00bb\u00a0depuis 28 ans dont 23 ans dans le domaine du spectacle et de l\u2019\u00e9v\u00e9nementiel.<\/p>\n<p><strong>Formateur pratique :<\/strong> S\u00e9bastien Castelain : Rigger, r\u00e9gisseur g\u00e9n\u00e9ral, Conseiller Technique<\/p>\n<p><strong><\/strong><strong style=\"font-size: 18px;\">Moyens p\u00e9dagogiques \u00a0:<\/strong><strong><br \/><\/strong><\/p>\n<div class=\"page\" title=\"Page 1\">\n<div class=\"section\">\n<div class=\"layoutArea\">\n<div class=\"column\">\n<p>Etude th\u00e9orique puis exercices pratiques dans une salle de spectacle.\u00a0Conditions d\u2019exercices en milieu r\u00e9el.<\/p>\n<p><span>\u00a0<\/span><\/p>\n<\/div>\n<\/div>\n<\/div>\n<\/div>\n<p>[\/et_pb_text][\/et_pb_column][\/et_pb_row][et_pb_row custom_padding=\u00a0\u00bb|||\u00a0\u00bb custom_margin=\u00a0\u00bb|||\u00a0\u00bb admin_label=\u00a0\u00bbCourse Overview Area \u00a0\u00bb _builder_version=\u00a0\u00bb3.0.93&Prime;][et_pb_column type=\u00a0\u00bb4_4&Prime; _builder_version=\u00a0\u00bb3.0.47&Prime; parallax=\u00a0\u00bboff\u00a0\u00bb parallax_method=\u00a0\u00bbon\u00a0\u00bb][et_pb_text admin_label=\u00a0\u00bbTitle\u00a0\u00bb _builder_version=\u00a0\u00bb3.0.93&Prime; header_font=\u00a0\u00bb||||||||\u00a0\u00bb header_3_font=\u00a0\u00bbPoppins|600|||||||\u00a0\u00bb header_3_line_height=\u00a0\u00bb1.2em\u00a0\u00bb custom_margin=\u00a0\u00bb||20px|\u00a0\u00bb animation_style=\u00a0\u00bbfade\u00a0\u00bb]<\/p>\n<h3>Sanction de la formation<\/h3>\n<p>[\/et_pb_text][et_pb_text _builder_version=\u00a0\u00bb3.0.94&Prime; text_font=\u00a0\u00bbPoppins||||||||\u00a0\u00bb text_font_size=\u00a0\u00bb18px\u00a0\u00bb text_line_height=\u00a0\u00bb1.8em\u00a0\u00bb header_font=\u00a0\u00bb||||||||\u00a0\u00bb header_3_font=\u00a0\u00bb||||||||\u00a0\u00bb animation_style=\u00a0\u00bbfade\u00a0\u00bb]<\/p>\n<div class=\"page\" title=\"Page 1\">\n<div class=\"section\">\n<div class=\"layoutArea\">\n<div class=\"column\">\n<p>Test de connaissances. Bilan de formation. A l&rsquo;issus de la formation les stagiaires recevront une attestation de stage leur permettant\u00a0d\u2019\u00eatre habilit\u00e9s par leur employeur \u00e0 l\u2019utilisation des appareils de levage.<\/p>\n<\/div>\n<\/div>\n<\/div>\n<\/div>\n<p>[\/et_pb_text][\/et_pb_column][\/et_pb_row][\/et_pb_section][et_pb_section fb_built=\u00a0\u00bb1&Prime; admin_label=\u00a0\u00bbNewsletter Section\u00a0\u00bb _builder_version=\u00a0\u00bb3.5&Prime; background_color=\u00a0\u00bb#000000&Prime; custom_padding=\u00a0\u00bb67px||0||false|false\u00a0\u00bb][et_pb_row custom_padding=\u00a0\u00bb23px||||false|false\u00a0\u00bb admin_label=\u00a0\u00bbNewsletter Area\u00a0\u00bb _builder_version=\u00a0\u00bb3.0.93&Prime;][et_pb_column type=\u00a0\u00bb4_4&Prime; _builder_version=\u00a0\u00bb3.0.47&Prime; parallax=\u00a0\u00bboff\u00a0\u00bb parallax_method=\u00a0\u00bbon\u00a0\u00bb][et_pb_text admin_label=\u00a0\u00bbTitle\u00a0\u00bb _builder_version=\u00a0\u00bb3.0.93&Prime; text_font=\u00a0\u00bb||||||||\u00a0\u00bb header_font=\u00a0\u00bb||||||||\u00a0\u00bb header_2_font=\u00a0\u00bbPoppins|600|||||||\u00a0\u00bb header_2_font_size=\u00a0\u00bb36px\u00a0\u00bb header_2_line_height=\u00a0\u00bb1.2em\u00a0\u00bb text_orientation=\u00a0\u00bbcenter\u00a0\u00bb background_layout=\u00a0\u00bbdark\u00a0\u00bb max_width=\u00a0\u00bb550px\u00a0\u00bb module_alignment=\u00a0\u00bbcenter\u00a0\u00bb custom_margin=\u00a0\u00bb||0px|\u00a0\u00bb animation_style=\u00a0\u00bbfade\u00a0\u00bb locked=\u00a0\u00bboff\u00a0\u00bb]<\/p>\n<h2>Pr\u00e9-Inscription<\/h2>\n<p>[\/et_pb_text][et_pb_divider color=\u00a0\u00bb#fdb467&Prime; divider_position=\u00a0\u00bbcenter\u00a0\u00bb divider_weight=\u00a0\u00bb3px\u00a0\u00bb _builder_version=\u00a0\u00bb3.2&Prime; max_width=\u00a0\u00bb50px\u00a0\u00bb module_alignment=\u00a0\u00bbcenter\u00a0\u00bb custom_margin=\u00a0\u00bb||20px|\u00a0\u00bb animation_style=\u00a0\u00bbslide\u00a0\u00bb animation_direction=\u00a0\u00bbtop\u00a0\u00bb animation_intensity_slide=\u00a0\u00bb10%\u00a0\u00bb animation_starting_opacity=\u00a0\u00bb100%\u00a0\u00bb locked=\u00a0\u00bboff\u00a0\u00bb][\/et_pb_divider][et_pb_text _builder_version=\u00a0\u00bb3.0.93&Prime; text_font=\u00a0\u00bbPoppins||||||||\u00a0\u00bb text_text_color=\u00a0\u00bbrgba(255,255,255,0.68)\u00a0\u00bb text_font_size=\u00a0\u00bb18px\u00a0\u00bb text_line_height=\u00a0\u00bb1.8em\u00a0\u00bb header_font=\u00a0\u00bb||||||||\u00a0\u00bb text_orientation=\u00a0\u00bbcenter\u00a0\u00bb max_width=\u00a0\u00bb550px\u00a0\u00bb module_alignment=\u00a0\u00bbcenter\u00a0\u00bb custom_margin=\u00a0\u00bb|||\u00a0\u00bb custom_padding=\u00a0\u00bb|||\u00a0\u00bb animation_style=\u00a0\u00bbfade\u00a0\u00bb locked=\u00a0\u00bboff\u00a0\u00bb]Cette formation vous int\u00e9resse ?<br \/>\nContactez-nous en remplissant le formulaire ci-dessous :<br \/>\n[\/et_pb_text][\/et_pb_column][\/et_pb_row][et_pb_row _builder_version=\u00a0\u00bb3.5&Prime; saved_tabs=\u00a0\u00bball\u00a0\u00bb][et_pb_column type=\u00a0\u00bb4_4&Prime; _builder_version=\u00a0\u00bb3.0.47&Prime; parallax=\u00a0\u00bboff\u00a0\u00bb parallax_method=\u00a0\u00bbon\u00a0\u00bb][et_pb_contact_form email=\u00a0\u00bbcontact@ubitech-formation.com\u00a0\u00bb submit_button_text=\u00a0\u00bbENVOYER\u00a0\u00bb module_id=\u00a0\u00bbet_pb_contact_form_0&Prime; _builder_version=\u00a0\u00bb3.5&Prime; form_field_font=\u00a0\u00bb||||||||\u00a0\u00bb custom_button=\u00a0\u00bbon\u00a0\u00bb button_text_size=\u00a0\u00bb18px\u00a0\u00bb button_text_color=\u00a0\u00bb#ffffff\u00a0\u00bb button_bg_color=\u00a0\u00bb#fdb467&Prime; button_border_color=\u00a0\u00bb#fdb467&Prime; button_border_radius=\u00a0\u00bb0px\u00a0\u00bb button_letter_spacing=\u00a0\u00bb5px\u00a0\u00bb button_font=\u00a0\u00bbPoppins|||on|||||\u00a0\u00bb][et_pb_contact_field field_id=\u00a0\u00bbformation\u00a0\u00bb field_title=\u00a0\u00bbNom de la formation souhait\u00e9e\u00a0\u00bb fullwidth_field=\u00a0\u00bbon\u00a0\u00bb _builder_version=\u00a0\u00bb3.5&Prime;][\/et_pb_contact_field][et_pb_contact_field field_id=\u00a0\u00bbNom\u00a0\u00bb field_title=\u00a0\u00bbVotre Nom\u00a0\u00bb _builder_version=\u00a0\u00bb3.5&Prime; border_radii=\u00a0\u00bbon||||\u00a0\u00bb][\/et_pb_contact_field][et_pb_contact_field field_id=\u00a0\u00bbtel\u00a0\u00bb field_title=\u00a0\u00bbT\u00e9l\u00e9phone\u00a0\u00bb allowed_symbols=\u00a0\u00bbnumbers\u00a0\u00bb _builder_version=\u00a0\u00bb3.5&Prime; border_radii=\u00a0\u00bbon||||\u00a0\u00bb][\/et_pb_contact_field][et_pb_contact_field field_id=\u00a0\u00bbmail\u00a0\u00bb field_title=\u00a0\u00bbVotre Email\u00a0\u00bb field_type=\u00a0\u00bbemail\u00a0\u00bb fullwidth_field=\u00a0\u00bbon\u00a0\u00bb _builder_version=\u00a0\u00bb3.5&Prime; border_radii=\u00a0\u00bbon||||\u00a0\u00bb][\/et_pb_contact_field][et_pb_contact_field field_id=\u00a0\u00bbMessage\u00a0\u00bb field_title=\u00a0\u00bbMessage\u00a0\u00bb field_type=\u00a0\u00bbtext\u00a0\u00bb fullwidth_field=\u00a0\u00bbon\u00a0\u00bb _builder_version=\u00a0\u00bb3.0.47&Prime; border_radii=\u00a0\u00bbon||||\u00a0\u00bb][\/et_pb_contact_field][\/et_pb_contact_form][\/et_pb_column][\/et_pb_row][\/et_pb_section][et_pb_section fb_built=\u00a0\u00bb1&Prime; admin_label=\u00a0\u00bbBorwse More Course Section\u00a0\u00bb _builder_version=\u00a0\u00bb3.5&Prime; background_color=\u00a0\u00bb#000000&Prime; custom_padding=\u00a0\u00bb0|0px|0|0px|false|false\u00a0\u00bb][et_pb_row admin_label=\u00a0\u00bbBrowse More Course Area \u00a0\u00bb _builder_version=\u00a0\u00bb3.0.93&Prime;][et_pb_column type=\u00a0\u00bb4_4&Prime; _builder_version=\u00a0\u00bb3.0.47&Prime; parallax=\u00a0\u00bboff\u00a0\u00bb parallax_method=\u00a0\u00bbon\u00a0\u00bb][et_pb_button button_url=\u00a0\u00bbhttp:\/\/www.ubitech-formation.com\/index.php\/formations-securite\/\u00a0\u00bb button_text=\u00a0\u00bbVoir toutes les formations s\u00e9curit\u00e9\u00a0\u00bb button_alignment=\u00a0\u00bbcenter\u00a0\u00bb _builder_version=\u00a0\u00bb3.5&Prime; custom_button=\u00a0\u00bbon\u00a0\u00bb button_text_size=\u00a0\u00bb18px\u00a0\u00bb button_text_color=\u00a0\u00bb#fdb467&Prime; button_bg_color=\u00a0\u00bb#000000&Prime; button_border_width=\u00a0\u00bb8px\u00a0\u00bb button_border_color=\u00a0\u00bb#000000&Prime; button_border_radius=\u00a0\u00bb0px\u00a0\u00bb button_letter_spacing=\u00a0\u00bb2px\u00a0\u00bb button_font=\u00a0\u00bbPoppins|600||on|||||\u00a0\u00bb button_icon=\u00a0\u00bb%%3%%\u00a0\u00bb animation_style=\u00a0\u00bbfade\u00a0\u00bb][\/et_pb_button][\/et_pb_column][\/et_pb_row][\/et_pb_section][et_pb_section fb_built=\u00a0\u00bb1&Prime; admin_label=\u00a0\u00bbFooter Section\u00a0\u00bb _builder_version=\u00a0\u00bb3.5&Prime; background_color=\u00a0\u00bb#999999&Prime; background_image=\u00a0\u00bbhttp:\/\/www.ubitech-formation.com\/wp-content\/uploads\/2018\/12\/Ubitech-cover.jpg\u00a0\u00bb background_blend=\u00a0\u00bbmultiply\u00a0\u00bb custom_padding=\u00a0\u00bb89px||0||false|false\u00a0\u00bb global_module=\u00a0\u00bb290&Prime;][et_pb_row admin_label=\u00a0\u00bbFooter Area\u00a0\u00bb _builder_version=\u00a0\u00bb3.0.93&Prime;][et_pb_column type=\u00a0\u00bb1_3&Prime; _builder_version=\u00a0\u00bb3.0.47&Prime; parallax=\u00a0\u00bboff\u00a0\u00bb parallax_method=\u00a0\u00bbon\u00a0\u00bb][et_pb_text ul_type=\u00a0\u00bbnone\u00a0\u00bb admin_label=\u00a0\u00bbTitle\u00a0\u00bb _builder_version=\u00a0\u00bb3.5&Prime; text_font=\u00a0\u00bbPoppins||||||||\u00a0\u00bb text_text_color=\u00a0\u00bbrgba(255,255,255,0.7)\u00a0\u00bb text_font_size=\u00a0\u00bb16px\u00a0\u00bb text_line_height=\u00a0\u00bb1.8em\u00a0\u00bb ul_font=\u00a0\u00bbPoppins||||||||\u00a0\u00bb ul_text_align=\u00a0\u00bbcenter\u00a0\u00bb header_2_font=\u00a0\u00bbPoppins||||||||\u00a0\u00bb header_2_text_align=\u00a0\u00bbcenter\u00a0\u00bb header_2_font_size=\u00a0\u00bb24px\u00a0\u00bb header_2_line_height=\u00a0\u00bb1.4em\u00a0\u00bb text_orientation=\u00a0\u00bbcenter\u00a0\u00bb background_layout=\u00a0\u00bbdark\u00a0\u00bb custom_margin=\u00a0\u00bb||15px|\u00a0\u00bb custom_padding=\u00a0\u00bb|||\u00a0\u00bb animation_style=\u00a0\u00bbfade\u00a0\u00bb]<\/p>\n<h2>Ubitech Formation<\/h2>\n<p>Si\u00e9ge social :<br \/>44 Boulevard de Bon Secours<br \/>13014 Marseille<\/p>\n<p>[\/et_pb_text][\/et_pb_column][et_pb_column type=\u00a0\u00bb1_3&Prime; _builder_version=\u00a0\u00bb3.0.47&Prime; parallax=\u00a0\u00bboff\u00a0\u00bb parallax_method=\u00a0\u00bbon\u00a0\u00bb][et_pb_text ul_type=\u00a0\u00bbnone\u00a0\u00bb admin_label=\u00a0\u00bbTitle\u00a0\u00bb _builder_version=\u00a0\u00bb3.5&Prime; text_font=\u00a0\u00bbPoppins||||||||\u00a0\u00bb text_text_color=\u00a0\u00bbrgba(255,255,255,0.7)\u00a0\u00bb text_font_size=\u00a0\u00bb16px\u00a0\u00bb text_line_height=\u00a0\u00bb1.8em\u00a0\u00bb ul_font=\u00a0\u00bbPoppins||||||||\u00a0\u00bb ul_text_align=\u00a0\u00bbcenter\u00a0\u00bb header_2_font=\u00a0\u00bbPoppins||||||||\u00a0\u00bb header_2_text_align=\u00a0\u00bbcenter\u00a0\u00bb header_2_font_size=\u00a0\u00bb24px\u00a0\u00bb header_2_line_height=\u00a0\u00bb1.4em\u00a0\u00bb text_orientation=\u00a0\u00bbcenter\u00a0\u00bb background_layout=\u00a0\u00bbdark\u00a0\u00bb custom_margin=\u00a0\u00bb||15px|\u00a0\u00bb custom_padding=\u00a0\u00bb|||\u00a0\u00bb animation_style=\u00a0\u00bbfade\u00a0\u00bb]<\/p>\n<h2>\u00a0Contact<\/h2>\n<p>Bureau :<br \/>COUVENT LEVAT <br \/>52 rue Levat<br \/>13003 Marseille<\/p>\n<p>[\/et_pb_text][et_pb_text ul_type=\u00a0\u00bbnone\u00a0\u00bb admin_label=\u00a0\u00bbTitle\u00a0\u00bb _builder_version=\u00a0\u00bb3.5&Prime; text_font=\u00a0\u00bbPoppins||||||||\u00a0\u00bb text_text_color=\u00a0\u00bbrgba(255,255,255,0.7)\u00a0\u00bb text_font_size=\u00a0\u00bb16px\u00a0\u00bb text_line_height=\u00a0\u00bb1.8em\u00a0\u00bb ul_font=\u00a0\u00bbPoppins||||||||\u00a0\u00bb ul_text_align=\u00a0\u00bbcenter\u00a0\u00bb header_2_font=\u00a0\u00bbPoppins||||||||\u00a0\u00bb header_2_text_align=\u00a0\u00bbcenter\u00a0\u00bb header_2_font_size=\u00a0\u00bb24px\u00a0\u00bb header_2_line_height=\u00a0\u00bb1.4em\u00a0\u00bb text_orientation=\u00a0\u00bbcenter\u00a0\u00bb background_layout=\u00a0\u00bbdark\u00a0\u00bb custom_margin=\u00a0\u00bb||15px|\u00a0\u00bb custom_padding=\u00a0\u00bb|||\u00a0\u00bb animation_style=\u00a0\u00bbfade\u00a0\u00bb]<\/p>\n<h2>\u00a0<\/h2>\n<p>Bureau :<br \/>COUVENT LEVAT <br \/>52 rue Levat<br \/>13003 Marseille<\/p>\n<p>[\/et_pb_text][et_pb_social_media_follow _builder_version=\u00a0\u00bb3.5&Prime; text_orientation=\u00a0\u00bbcenter\u00a0\u00bb custom_margin=\u00a0\u00bb20px|||\u00a0\u00bb][et_pb_social_media_follow_network social_network=\u00a0\u00bbfacebook\u00a0\u00bb url=\u00a0\u00bbhttps:\/\/www.facebook.com\/Ubitech-590331107781496\/\u00a0\u00bb _builder_version=\u00a0\u00bb3.5&Prime; background_color=\u00a0\u00bb#000000&Prime; border_radii=\u00a0\u00bbon|100px|100px|100px|100px\u00a0\u00bb custom_margin=\u00a0\u00bb|8px||8px\u00a0\u00bb custom_padding=\u00a0\u00bb14px|14px|14px|14px\u00a0\u00bb follow_button=\u00a0\u00bboff\u00a0\u00bb url_new_window=\u00a0\u00bbon\u00a0\u00bb]facebook[\/et_pb_social_media_follow_network][et_pb_social_media_follow_network social_network=\u00a0\u00bbinstagram\u00a0\u00bb url=\u00a0\u00bbhttps:\/\/www.instagram.com\/ubitechformation\/\u00a0\u00bb _builder_version=\u00a0\u00bb3.5&Prime; background_color=\u00a0\u00bb#000000&Prime; border_radii=\u00a0\u00bbon|100px|100px|100px|100px\u00a0\u00bb custom_margin=\u00a0\u00bb|8px||8px\u00a0\u00bb custom_padding=\u00a0\u00bb14px|14px|14px|14px\u00a0\u00bb follow_button=\u00a0\u00bboff\u00a0\u00bb url_new_window=\u00a0\u00bbon\u00a0\u00bb]instagram[\/et_pb_social_media_follow_network][\/et_pb_social_media_follow][\/et_pb_column][et_pb_column type=\u00a0\u00bb1_3&Prime; _builder_version=\u00a0\u00bb3.0.47&Prime; parallax=\u00a0\u00bboff\u00a0\u00bb parallax_method=\u00a0\u00bbon\u00a0\u00bb][et_pb_text ul_type=\u00a0\u00bbnone\u00a0\u00bb admin_label=\u00a0\u00bbTitle\u00a0\u00bb _builder_version=\u00a0\u00bb3.5&Prime; text_font=\u00a0\u00bbPoppins||||||||\u00a0\u00bb text_text_color=\u00a0\u00bbrgba(255,255,255,0.7)\u00a0\u00bb text_font_size=\u00a0\u00bb16px\u00a0\u00bb text_line_height=\u00a0\u00bb1.8em\u00a0\u00bb ul_font=\u00a0\u00bbPoppins||||||||\u00a0\u00bb ul_text_align=\u00a0\u00bbcenter\u00a0\u00bb header_2_font=\u00a0\u00bbPoppins||||||||\u00a0\u00bb header_2_text_align=\u00a0\u00bbcenter\u00a0\u00bb header_2_font_size=\u00a0\u00bb24px\u00a0\u00bb header_2_line_height=\u00a0\u00bb1.4em\u00a0\u00bb text_orientation=\u00a0\u00bbcenter\u00a0\u00bb background_layout=\u00a0\u00bbdark\u00a0\u00bb custom_margin=\u00a0\u00bb||15px|\u00a0\u00bb custom_padding=\u00a0\u00bb|||\u00a0\u00bb animation_style=\u00a0\u00bbfade\u00a0\u00bb]<\/p>\n<h2>Contact<\/h2>\n<p>T\u00e9l. (port.): 06.50.41.08.16<br \/>T\u00e9l : 09.81.99.58.87<\/p>\n<p>\u00a0<\/p>\n<p>[\/et_pb_text][\/et_pb_column][\/et_pb_row][\/et_pb_section]<\/p>\n","protected":false},"excerpt":{"rendered":"<p>Accroche levage &#8211; Autorisation de conduite Dur\u00e9e :\u00a035 heures sur 5 \u00a0jours Dates : Nous consulter ou voir\u00a0 calendrier Date limite d&rsquo;inscription aupr\u00e8s de l\u2019Afdas: 4 semaines avant le d\u00e9but de la formation Co\u00fbt de la formation : 1 230\u20ac HT. Prise en charge Opca (Afdas etc\u2026.) Nombre maximum de participants :\u00a010Pr\u00e9sentation de la formation [&hellip;]<\/p>\n","protected":false},"author":1,"featured_media":0,"parent":0,"menu_order":0,"comment_status":"closed","ping_status":"closed","template":"","meta":{"_et_pb_use_builder":"on","_et_pb_old_content":"","_et_gb_content_width":"","footnotes":""},"class_list":["post-355","page","type-page","status-publish","hentry"],"yoast_head":"<!-- This site is optimized with the Yoast SEO plugin v27.1.1 - https:\/\/yoast.com\/product\/yoast-seo-wordpress\/ -->\n<title>S\u00e9curit\u00e9 - Accroche levage - Autorisation de conduite - Ubitech Formation<\/title>\n<meta name=\"robots\" content=\"index, follow, max-snippet:-1, max-image-preview:large, max-video-preview:-1\" \/>\n<link rel=\"canonical\" href=\"https:\/\/www.ubitech-formation.com\/index.php\/securite-accroche-levage-autorisation-de-conduite\/\" \/>\n<meta property=\"og:locale\" content=\"fr_FR\" \/>\n<meta property=\"og:type\" content=\"article\" \/>\n<meta property=\"og:title\" content=\"S\u00e9curit\u00e9 - Accroche levage - Autorisation de conduite - Ubitech Formation\" \/>\n<meta property=\"og:description\" content=\"Accroche levage - Autorisation de conduite Dur\u00e9e :\u00a035 heures sur 5 \u00a0jours Dates : Nous consulter ou voir\u00a0 calendrier Date limite d&#039;inscription aupr\u00e8s de l\u2019Afdas: 4 semaines avant le d\u00e9but de la formation Co\u00fbt de la formation : 1 230\u20ac HT. Prise en charge Opca (Afdas etc\u2026.) Nombre maximum de participants :\u00a010Pr\u00e9sentation de la formation [&hellip;]\" \/>\n<meta property=\"og:url\" content=\"https:\/\/www.ubitech-formation.com\/index.php\/securite-accroche-levage-autorisation-de-conduite\/\" \/>\n<meta property=\"og:site_name\" content=\"Ubitech Formation\" \/>\n<meta property=\"article:modified_time\" content=\"2019-12-20T07:53:24+00:00\" \/>\n<meta name=\"twitter:card\" content=\"summary_large_image\" \/>\n<meta name=\"twitter:label1\" content=\"Dur\u00e9e de lecture estim\u00e9e\" \/>\n\t<meta name=\"twitter:data1\" content=\"13 minutes\" \/>\n<script type=\"application\/ld+json\" class=\"yoast-schema-graph\">{\"@context\":\"https:\/\/schema.org\",\"@graph\":[{\"@type\":\"WebPage\",\"@id\":\"https:\/\/www.ubitech-formation.com\/index.php\/securite-accroche-levage-autorisation-de-conduite\/\",\"url\":\"https:\/\/www.ubitech-formation.com\/index.php\/securite-accroche-levage-autorisation-de-conduite\/\",\"name\":\"S\u00e9curit\u00e9 - Accroche levage - Autorisation de conduite - Ubitech Formation\",\"isPartOf\":{\"@id\":\"https:\/\/www.ubitech-formation.com\/#website\"},\"datePublished\":\"2019-02-28T09:41:44+00:00\",\"dateModified\":\"2019-12-20T07:53:24+00:00\",\"breadcrumb\":{\"@id\":\"https:\/\/www.ubitech-formation.com\/index.php\/securite-accroche-levage-autorisation-de-conduite\/#breadcrumb\"},\"inLanguage\":\"fr-FR\",\"potentialAction\":[{\"@type\":\"ReadAction\",\"target\":[\"https:\/\/www.ubitech-formation.com\/index.php\/securite-accroche-levage-autorisation-de-conduite\/\"]}]},{\"@type\":\"BreadcrumbList\",\"@id\":\"https:\/\/www.ubitech-formation.com\/index.php\/securite-accroche-levage-autorisation-de-conduite\/#breadcrumb\",\"itemListElement\":[{\"@type\":\"ListItem\",\"position\":1,\"name\":\"Accueil\",\"item\":\"https:\/\/www.ubitech-formation.com\/\"},{\"@type\":\"ListItem\",\"position\":2,\"name\":\"S\u00e9curit\u00e9 &#8211; Accroche levage &#8211; Autorisation de conduite\"}]},{\"@type\":\"WebSite\",\"@id\":\"https:\/\/www.ubitech-formation.com\/#website\",\"url\":\"https:\/\/www.ubitech-formation.com\/\",\"name\":\"Ubitech Formation\",\"description\":\"Formations Techniques et s\u00e9curit\u00e9s spectacle vivant &amp; \u00e9v\u00e9nementiel\",\"publisher\":{\"@id\":\"https:\/\/www.ubitech-formation.com\/#organization\"},\"potentialAction\":[{\"@type\":\"SearchAction\",\"target\":{\"@type\":\"EntryPoint\",\"urlTemplate\":\"https:\/\/www.ubitech-formation.com\/?s={search_term_string}\"},\"query-input\":{\"@type\":\"PropertyValueSpecification\",\"valueRequired\":true,\"valueName\":\"search_term_string\"}}],\"inLanguage\":\"fr-FR\"},{\"@type\":\"Organization\",\"@id\":\"https:\/\/www.ubitech-formation.com\/#organization\",\"name\":\"Ubitech Formations\",\"url\":\"https:\/\/www.ubitech-formation.com\/\",\"logo\":{\"@type\":\"ImageObject\",\"inLanguage\":\"fr-FR\",\"@id\":\"https:\/\/www.ubitech-formation.com\/#\/schema\/logo\/image\/\",\"url\":\"https:\/\/www.ubitech-formation.com\/wp-content\/uploads\/2018\/12\/Ubitech-Formation-spectacle.png\",\"contentUrl\":\"https:\/\/www.ubitech-formation.com\/wp-content\/uploads\/2018\/12\/Ubitech-Formation-spectacle.png\",\"width\":500,\"height\":614,\"caption\":\"Ubitech Formations\"},\"image\":{\"@id\":\"https:\/\/www.ubitech-formation.com\/#\/schema\/logo\/image\/\"}}]}<\/script>\n<!-- \/ Yoast SEO plugin. -->","yoast_head_json":{"title":"S\u00e9curit\u00e9 - Accroche levage - Autorisation de conduite - Ubitech Formation","robots":{"index":"index","follow":"follow","max-snippet":"max-snippet:-1","max-image-preview":"max-image-preview:large","max-video-preview":"max-video-preview:-1"},"canonical":"https:\/\/www.ubitech-formation.com\/index.php\/securite-accroche-levage-autorisation-de-conduite\/","og_locale":"fr_FR","og_type":"article","og_title":"S\u00e9curit\u00e9 - Accroche levage - Autorisation de conduite - Ubitech Formation","og_description":"Accroche levage - Autorisation de conduite Dur\u00e9e :\u00a035 heures sur 5 \u00a0jours Dates : Nous consulter ou voir\u00a0 calendrier Date limite d'inscription aupr\u00e8s de l\u2019Afdas: 4 semaines avant le d\u00e9but de la formation Co\u00fbt de la formation : 1 230\u20ac HT. Prise en charge Opca (Afdas etc\u2026.) Nombre maximum de participants :\u00a010Pr\u00e9sentation de la formation [&hellip;]","og_url":"https:\/\/www.ubitech-formation.com\/index.php\/securite-accroche-levage-autorisation-de-conduite\/","og_site_name":"Ubitech Formation","article_modified_time":"2019-12-20T07:53:24+00:00","twitter_card":"summary_large_image","twitter_misc":{"Dur\u00e9e de lecture estim\u00e9e":"13 minutes"},"schema":{"@context":"https:\/\/schema.org","@graph":[{"@type":"WebPage","@id":"https:\/\/www.ubitech-formation.com\/index.php\/securite-accroche-levage-autorisation-de-conduite\/","url":"https:\/\/www.ubitech-formation.com\/index.php\/securite-accroche-levage-autorisation-de-conduite\/","name":"S\u00e9curit\u00e9 - Accroche levage - Autorisation de conduite - Ubitech Formation","isPartOf":{"@id":"https:\/\/www.ubitech-formation.com\/#website"},"datePublished":"2019-02-28T09:41:44+00:00","dateModified":"2019-12-20T07:53:24+00:00","breadcrumb":{"@id":"https:\/\/www.ubitech-formation.com\/index.php\/securite-accroche-levage-autorisation-de-conduite\/#breadcrumb"},"inLanguage":"fr-FR","potentialAction":[{"@type":"ReadAction","target":["https:\/\/www.ubitech-formation.com\/index.php\/securite-accroche-levage-autorisation-de-conduite\/"]}]},{"@type":"BreadcrumbList","@id":"https:\/\/www.ubitech-formation.com\/index.php\/securite-accroche-levage-autorisation-de-conduite\/#breadcrumb","itemListElement":[{"@type":"ListItem","position":1,"name":"Accueil","item":"https:\/\/www.ubitech-formation.com\/"},{"@type":"ListItem","position":2,"name":"S\u00e9curit\u00e9 &#8211; Accroche levage &#8211; Autorisation de conduite"}]},{"@type":"WebSite","@id":"https:\/\/www.ubitech-formation.com\/#website","url":"https:\/\/www.ubitech-formation.com\/","name":"Ubitech Formation","description":"Formations Techniques et s\u00e9curit\u00e9s spectacle vivant &amp; \u00e9v\u00e9nementiel","publisher":{"@id":"https:\/\/www.ubitech-formation.com\/#organization"},"potentialAction":[{"@type":"SearchAction","target":{"@type":"EntryPoint","urlTemplate":"https:\/\/www.ubitech-formation.com\/?s={search_term_string}"},"query-input":{"@type":"PropertyValueSpecification","valueRequired":true,"valueName":"search_term_string"}}],"inLanguage":"fr-FR"},{"@type":"Organization","@id":"https:\/\/www.ubitech-formation.com\/#organization","name":"Ubitech Formations","url":"https:\/\/www.ubitech-formation.com\/","logo":{"@type":"ImageObject","inLanguage":"fr-FR","@id":"https:\/\/www.ubitech-formation.com\/#\/schema\/logo\/image\/","url":"https:\/\/www.ubitech-formation.com\/wp-content\/uploads\/2018\/12\/Ubitech-Formation-spectacle.png","contentUrl":"https:\/\/www.ubitech-formation.com\/wp-content\/uploads\/2018\/12\/Ubitech-Formation-spectacle.png","width":500,"height":614,"caption":"Ubitech Formations"},"image":{"@id":"https:\/\/www.ubitech-formation.com\/#\/schema\/logo\/image\/"}}]}},"_links":{"self":[{"href":"https:\/\/www.ubitech-formation.com\/index.php\/wp-json\/wp\/v2\/pages\/355","targetHints":{"allow":["GET"]}}],"collection":[{"href":"https:\/\/www.ubitech-formation.com\/index.php\/wp-json\/wp\/v2\/pages"}],"about":[{"href":"https:\/\/www.ubitech-formation.com\/index.php\/wp-json\/wp\/v2\/types\/page"}],"author":[{"embeddable":true,"href":"https:\/\/www.ubitech-formation.com\/index.php\/wp-json\/wp\/v2\/users\/1"}],"replies":[{"embeddable":true,"href":"https:\/\/www.ubitech-formation.com\/index.php\/wp-json\/wp\/v2\/comments?post=355"}],"version-history":[{"count":16,"href":"https:\/\/www.ubitech-formation.com\/index.php\/wp-json\/wp\/v2\/pages\/355\/revisions"}],"predecessor-version":[{"id":1562,"href":"https:\/\/www.ubitech-formation.com\/index.php\/wp-json\/wp\/v2\/pages\/355\/revisions\/1562"}],"wp:attachment":[{"href":"https:\/\/www.ubitech-formation.com\/index.php\/wp-json\/wp\/v2\/media?parent=355"}],"curies":[{"name":"wp","href":"https:\/\/api.w.org\/{rel}","templated":true}]}}