{"id":363,"date":"2019-02-28T13:18:49","date_gmt":"2019-02-28T12:18:49","guid":{"rendered":"http:\/\/www.ubitech-formation.com\/?page_id=363"},"modified":"2019-06-17T14:59:52","modified_gmt":"2019-06-17T12:59:52","slug":"securite-sst-mac","status":"publish","type":"page","link":"https:\/\/www.ubitech-formation.com\/index.php\/securite-sst-mac\/","title":{"rendered":"S\u00e9curit\u00e9 &#8211; SST MAC"},"content":{"rendered":"<p>[et_pb_section bb_built=\u00a0\u00bb1&Prime; admin_label=\u00a0\u00bbPage Title Section\u00a0\u00bb _builder_version=\u00a0\u00bb3.5&Prime; use_background_color_gradient=\u00a0\u00bbon\u00a0\u00bb background_color_gradient_start=\u00a0\u00bb#000000&Prime; background_color_gradient_end=\u00a0\u00bbrgba(0,0,0,0)\u00a0\u00bb background_color_gradient_direction=\u00a0\u00bb120deg\u00a0\u00bb background_color_gradient_overlays_image=\u00a0\u00bbon\u00a0\u00bb background_image=\u00a0\u00bbhttp:\/\/www.ubitech-formation.com\/wp-content\/uploads\/2019\/05\/SST_Sauveteur_Secouriste_du_Travail_logo.png\u00a0\u00bb custom_padding=\u00a0\u00bb110px||110px||false|false\u00a0\u00bb next_background_color=\u00a0\u00bb#ffffff\u00a0\u00bb][et_pb_row admin_label=\u00a0\u00bbPage Title Area\u00a0\u00bb custom_padding=\u00a0\u00bb27px|0px|27px|0px|false|false\u00a0\u00bb _builder_version=\u00a0\u00bb3.0.47&Prime; background_size=\u00a0\u00bbinitial\u00a0\u00bb background_position=\u00a0\u00bbtop_left\u00a0\u00bb background_repeat=\u00a0\u00bbrepeat\u00a0\u00bb][et_pb_column type=\u00a0\u00bb2_3&Prime;][et_pb_text admin_label=\u00a0\u00bbTitle\u00a0\u00bb _builder_version=\u00a0\u00bb3.5&Prime; header_font=\u00a0\u00bbPoppins|600|||||||\u00a0\u00bb header_font_size=\u00a0\u00bb60px\u00a0\u00bb header_font_size_phone=\u00a0\u00bb40px\u00a0\u00bb header_font_size_last_edited=\u00a0\u00bbon|desktop\u00a0\u00bb header_line_height=\u00a0\u00bb1.2em\u00a0\u00bb header_2_font_size_last_edited=\u00a0\u00bboff|desktop\u00a0\u00bb background_layout=\u00a0\u00bbdark\u00a0\u00bb custom_margin=\u00a0\u00bb||20px|\u00a0\u00bb custom_padding=\u00a0\u00bb|||\u00a0\u00bb animation_style=\u00a0\u00bbfade\u00a0\u00bb]<\/p>\n<h1>Sauveteur Secouriste du Travail (MAC)<\/h1>\n<p>[\/et_pb_text][et_pb_text admin_label=\u00a0\u00bbPage Subtitle\u00a0\u00bb _builder_version=\u00a0\u00bb3.0.94&Prime; text_font=\u00a0\u00bbPoppins||||||||\u00a0\u00bb text_font_size=\u00a0\u00bb18px\u00a0\u00bb text_line_height=\u00a0\u00bb1.8em\u00a0\u00bb header_font=\u00a0\u00bb||||||||\u00a0\u00bb background_layout=\u00a0\u00bbdark\u00a0\u00bb animation_style=\u00a0\u00bbfade\u00a0\u00bb]<\/p>\n<p><strong>Dur\u00e9e :<\/strong> 7h<br \/><strong>Dates :<\/strong> Nous consulter ou voir\u00a0 calendrier<br \/><strong>Date limite d&rsquo;inscription aupr\u00e8s de l\u2019Afdas:<\/strong> 4 semaines avant le d\u00e9but de la formation<br \/><strong>Co\u00fbt de la formation :<\/strong> Nous consulter. Prise en charge Opca (Afdas etc\u2026.)<br \/><strong>Nombre maximum de participants :<\/strong>\u00a012<\/p>\n<p>[\/et_pb_text][\/et_pb_column][et_pb_column type=\u00a0\u00bb1_3&Prime;][\/et_pb_column][\/et_pb_row][et_pb_row _builder_version=\u00a0\u00bb3.5&Prime;][et_pb_column type=\u00a0\u00bb4_4&Prime;][et_pb_button button_url=\u00a0\u00bbhttp:\/\/www.ubitech-formation.com\/index.php\/calendriers\/\u00a0\u00bb button_text=\u00a0\u00bbVoir le calendrier des formations\u00a0\u00bb _builder_version=\u00a0\u00bb3.5&Prime; background_layout=\u00a0\u00bbdark\u00a0\u00bb]<\/p>\n<p>\u00a0<\/p>\n<p>[\/et_pb_button][\/et_pb_column][\/et_pb_row][\/et_pb_section][et_pb_section bb_built=\u00a0\u00bb1&Prime; admin_label=\u00a0\u00bbClass Details Section\u00a0\u00bb _builder_version=\u00a0\u00bb3.5&Prime; background_color=\u00a0\u00bb#ffffff\u00a0\u00bb custom_padding=\u00a0\u00bb52px||52px||true|false\u00a0\u00bb prev_background_color=\u00a0\u00bb#000000&Prime; next_background_color=\u00a0\u00bb#000000&Prime;][et_pb_row admin_label=\u00a0\u00bbClass Details Area\u00a0\u00bb custom_padding=\u00a0\u00bb27px|0px|7px|0px|false|false\u00a0\u00bb _builder_version=\u00a0\u00bb3.0.93&Prime;][et_pb_column type=\u00a0\u00bb4_4&Prime;][et_pb_text admin_label=\u00a0\u00bbTitle\u00a0\u00bb _builder_version=\u00a0\u00bb3.0.93&Prime; text_font=\u00a0\u00bb||||||||\u00a0\u00bb header_font=\u00a0\u00bb||||||||\u00a0\u00bb header_2_font=\u00a0\u00bbPoppins|600|||||||\u00a0\u00bb header_2_text_align=\u00a0\u00bbcenter\u00a0\u00bb header_2_font_size=\u00a0\u00bb36px\u00a0\u00bb header_2_line_height=\u00a0\u00bb1.2em\u00a0\u00bb custom_margin=\u00a0\u00bb||0px|\u00a0\u00bb custom_padding=\u00a0\u00bb|||\u00a0\u00bb animation_style=\u00a0\u00bbfade\u00a0\u00bb]<\/p>\n<h2>Pr\u00e9sentation de la formation<\/h2>\n<p>[\/et_pb_text][et_pb_divider color=\u00a0\u00bb#fdb467&Prime; divider_position=\u00a0\u00bbcenter\u00a0\u00bb divider_weight=\u00a0\u00bb3px\u00a0\u00bb _builder_version=\u00a0\u00bb3.2&Prime; max_width=\u00a0\u00bb50px\u00a0\u00bb module_alignment=\u00a0\u00bbcenter\u00a0\u00bb animation_style=\u00a0\u00bbslide\u00a0\u00bb animation_direction=\u00a0\u00bbtop\u00a0\u00bb animation_intensity_slide=\u00a0\u00bb10%\u00a0\u00bb animation_starting_opacity=\u00a0\u00bb100%\u00a0\u00bb]<\/p>\n<p>\u00a0<\/p>\n<p>[\/et_pb_divider][\/et_pb_column][\/et_pb_row][et_pb_row admin_label=\u00a0\u00bbCourse Overview Area \u00a0\u00bb custom_padding=\u00a0\u00bb26px|0px|4px|0px|false|false\u00a0\u00bb custom_margin=\u00a0\u00bb|||\u00a0\u00bb _builder_version=\u00a0\u00bb3.0.93&Prime;][et_pb_column type=\u00a0\u00bb4_4&Prime;][et_pb_text _builder_version=\u00a0\u00bb3.0.93&Prime; text_font=\u00a0\u00bbPoppins||||||||\u00a0\u00bb text_font_size=\u00a0\u00bb18px\u00a0\u00bb text_line_height=\u00a0\u00bb1.8em\u00a0\u00bb header_font=\u00a0\u00bb||||||||\u00a0\u00bb header_3_font=\u00a0\u00bb||||||||\u00a0\u00bb animation_style=\u00a0\u00bbfade\u00a0\u00bb]<\/p>\n<p>Le maintien et d&rsquo;actualisation des comp\u00e9tences SST (formation MAC) ont pour objectif de maintenir le\u00a0SST en capacit\u00e9 d&rsquo;intervenir efficacement dans une situation d&rsquo;accident<\/p>\n<p>[\/et_pb_text][\/et_pb_column][\/et_pb_row][et_pb_row admin_label=\u00a0\u00bbCourse Overview Area \u00a0\u00bb custom_padding=\u00a0\u00bb27px|0px|27px|0px|false|false\u00a0\u00bb custom_margin=\u00a0\u00bb|||\u00a0\u00bb _builder_version=\u00a0\u00bb3.0.93&Prime;][et_pb_column type=\u00a0\u00bb4_4&Prime;][et_pb_text admin_label=\u00a0\u00bbTitle\u00a0\u00bb _builder_version=\u00a0\u00bb3.5&Prime; header_font=\u00a0\u00bb||||||||\u00a0\u00bb header_3_font=\u00a0\u00bbPoppins|600|||||||\u00a0\u00bb header_3_line_height=\u00a0\u00bb1.2em\u00a0\u00bb custom_margin=\u00a0\u00bb||10px|\u00a0\u00bb animation_style=\u00a0\u00bbfade\u00a0\u00bb]<\/p>\n<h3 style=\"text-align: left;\">Personnes concern\u00e9es<\/h3>\n<p>[\/et_pb_text][et_pb_text _builder_version=\u00a0\u00bb3.0.94&Prime; text_font=\u00a0\u00bbPoppins||||||||\u00a0\u00bb text_font_size=\u00a0\u00bb18px\u00a0\u00bb text_line_height=\u00a0\u00bb1.8em\u00a0\u00bb header_font=\u00a0\u00bb||||||||\u00a0\u00bb header_3_font=\u00a0\u00bb||||||||\u00a0\u00bb animation_style=\u00a0\u00bbfade\u00a0\u00bb]<\/p>\n<p>Les salari\u00e9s ayant particip\u00e9 \u00e0 la formation initiale SST dans les 24 mois pr\u00e9c\u00e9dents.<br \/><span style=\"font-size: 18px;\">Les salari\u00e9s ayant particip\u00e9 au premier recyclage SST dans les 24 mois pr\u00e9c\u00e9dents.<\/span><\/p>\n<p>[\/et_pb_text][\/et_pb_column][\/et_pb_row][et_pb_row admin_label=\u00a0\u00bbCourse Overview Area \u00a0\u00bb custom_padding=\u00a0\u00bb27px|0px|27px|0px|false|false\u00a0\u00bb custom_margin=\u00a0\u00bb|||\u00a0\u00bb _builder_version=\u00a0\u00bb3.0.93&Prime;][et_pb_column type=\u00a0\u00bb4_4&Prime;][et_pb_text admin_label=\u00a0\u00bbTitle\u00a0\u00bb _builder_version=\u00a0\u00bb3.5&Prime; header_font=\u00a0\u00bb||||||||\u00a0\u00bb header_3_font=\u00a0\u00bbPoppins|600|||||||\u00a0\u00bb header_3_line_height=\u00a0\u00bb1.2em\u00a0\u00bb custom_margin=\u00a0\u00bb||10px|\u00a0\u00bb animation_style=\u00a0\u00bbfade\u00a0\u00bb]<\/p>\n<h3 style=\"text-align: left;\">Pr\u00e9-requis<\/h3>\n<p>[\/et_pb_text][et_pb_text _builder_version=\u00a0\u00bb3.0.94&Prime; text_font=\u00a0\u00bbPoppins||||||||\u00a0\u00bb text_font_size=\u00a0\u00bb18px\u00a0\u00bb text_line_height=\u00a0\u00bb1.8em\u00a0\u00bb header_font=\u00a0\u00bb||||||||\u00a0\u00bb header_3_font=\u00a0\u00bb||||||||\u00a0\u00bb animation_style=\u00a0\u00bbfade\u00a0\u00bb]<\/p>\n<p>Il est n\u00e9cessaire :<\/p>\n<p>&#8211; d&rsquo;\u00eatre d\u00e9j\u00e0 sauveteur secouriste du travail (SST)<\/p>\n<p>&#8211; de pr\u00e9senter obligatoirement sa carte de SST en d\u00e9but de formation<\/p>\n<p>[\/et_pb_text][\/et_pb_column][\/et_pb_row][et_pb_row admin_label=\u00a0\u00bbCourse Overview Area \u00a0\u00bb custom_padding=\u00a0\u00bb|||\u00a0\u00bb custom_margin=\u00a0\u00bb|||\u00a0\u00bb _builder_version=\u00a0\u00bb3.0.93&Prime;][et_pb_column type=\u00a0\u00bb4_4&Prime;][et_pb_text admin_label=\u00a0\u00bbTitle\u00a0\u00bb _builder_version=\u00a0\u00bb3.0.93&Prime; header_font=\u00a0\u00bb||||||||\u00a0\u00bb header_3_font=\u00a0\u00bbPoppins|600|||||||\u00a0\u00bb header_3_line_height=\u00a0\u00bb1.2em\u00a0\u00bb custom_margin=\u00a0\u00bb||20px|\u00a0\u00bb animation_style=\u00a0\u00bbfade\u00a0\u00bb]<\/p>\n<h3>Programme de la formation<\/h3>\n<p>[\/et_pb_text][et_pb_text _builder_version=\u00a0\u00bb3.5&Prime; text_font=\u00a0\u00bb||||||||\u00a0\u00bb ul_font=\u00a0\u00bbPoppins||||||||\u00a0\u00bb ul_font_size=\u00a0\u00bb18px\u00a0\u00bb ul_line_height=\u00a0\u00bb2.2em\u00a0\u00bb header_font=\u00a0\u00bb||||||||\u00a0\u00bb animation_style=\u00a0\u00bbfade\u00a0\u00bb]<\/p>\n<ul>\n<li><span style=\"font-size: 18px;\">Conforme au programme national d\u00e9fini par la CNAMTS avec l\u2019INRS :<br \/><\/span><span style=\"font-size: 18px;\">&#8211; \u00catre capable de situer le cadre juridique de son intervention code du travail, code civil,\u00a0<\/span><span style=\"font-size: 18px;\">code p\u00e9nal, code de la s\u00e9curit\u00e9 sociale, limites de son intervention (espace, moyens, temps)<br \/><\/span><span style=\"font-size: 18px;\">&#8211; \u00catre capable de r\u00e9aliser une protection adapt\u00e9e. Rep\u00e9rer, isoler ou supprimer les dangers\u00a0<\/span><span style=\"font-size: 18px;\">apr\u00e8s un accident : pr\u00e9vention du sur accident.<br \/><\/span><span style=\"font-size: 18px;\">&#8211; \u00catre capable d\u2019examiner la (les) victimes avant \/ et pour la mise en \u0153uvre d\u2019actions <\/span><span style=\"font-size: 18px;\">choisies en vue du r\u00e9sultat \u00e0 obtenir Identifier les atteintes aux fonctions vitales.<br \/><\/span><span style=\"font-size: 18px;\">&#8211; \u00catre capable d\u2019alerter ou de faire alerter en fonction de l\u2019organisation des secours dans\u00a0<\/span><span style=\"font-size: 18px;\">l\u2019\u00e9tablissement,<\/span><span style=\"font-size: 18px;\"> alerter les secours.<br \/><\/span><span style=\"font-size: 18px;\">&#8211; Etre capable de secourir la (les) victimes de mani\u00e8re appropri\u00e9e Effectuer les gestes\u00a0<\/span><span style=\"font-size: 18px;\">appropri\u00e9s \u00e0 l\u2019\u00e9tat de la victime (saignement abondant, \u00e9touffement, malaises, br\u00fblures,\u00a0<\/span><span style=\"font-size: 18px;\">traumatismes ou fractures suppos\u00e9es, plaie ne saignant pas abondamment, inconscience, arr\u00eat\u00a0<\/span><span style=\"font-size: 18px;\">cardio-respiratoire).<br \/><\/span><span style=\"font-size: 18px;\">&#8211; Etre capable de situer le r\u00f4le du SST dans l\u2019organisation de la pr\u00e9vention de l\u2019entreprise.\u00a0<\/span><span style=\"font-size: 18px;\">Formation g\u00e9n\u00e9rale \u00e0 la pr\u00e9vention<br \/><\/span>&#8211; Etre capable de mettre en oeuvre ses comp\u00e9tences en mati\u00e8re de protection au profit\u00a0d\u2019actions de pr\u00e9vention adapt\u00e9e Rep\u00e9rer, isoler ou supprimer les dangers dans la situation\u00a0de travail pour pr\u00e9venir les accidents en respectant les proc\u00e9dures sp\u00e9cifiques en mati\u00e8re de\u00a0pr\u00e9vention.<br \/>&#8211; Etre capable d\u2019informer les personnes d\u00e9sign\u00e9es dans le plan d\u2019organisation de la pr\u00e9vention\u00a0<span style=\"font-size: 18px;\">de l\u2019entreprise des situations dangereuse rep\u00e9r\u00e9es informer la hi\u00e9rarchie des dangers rep\u00e9r\u00e9s et\u00a0<\/span>des actions mises en oeuvre.<\/li>\n<\/ul>\n<p>[\/et_pb_text][\/et_pb_column][\/et_pb_row][et_pb_row admin_label=\u00a0\u00bbCourse Overview Area \u00a0\u00bb custom_padding=\u00a0\u00bb|||\u00a0\u00bb custom_margin=\u00a0\u00bb|||\u00a0\u00bb _builder_version=\u00a0\u00bb3.0.93&Prime;][et_pb_column type=\u00a0\u00bb4_4&Prime;][et_pb_text admin_label=\u00a0\u00bbTitle\u00a0\u00bb _builder_version=\u00a0\u00bb3.0.93&Prime; header_font=\u00a0\u00bb||||||||\u00a0\u00bb header_3_font=\u00a0\u00bbPoppins|600|||||||\u00a0\u00bb header_3_line_height=\u00a0\u00bb1.2em\u00a0\u00bb custom_margin=\u00a0\u00bb||20px|\u00a0\u00bb animation_style=\u00a0\u00bbfade\u00a0\u00bb]<\/p>\n<h3>Moyens p\u00e9dagogiques et techniques<\/h3>\n<p>[\/et_pb_text][et_pb_text _builder_version=\u00a0\u00bb3.0.94&Prime; text_font=\u00a0\u00bbPoppins||||||||\u00a0\u00bb text_font_size=\u00a0\u00bb18px\u00a0\u00bb text_line_height=\u00a0\u00bb1.8em\u00a0\u00bb header_font=\u00a0\u00bb||||||||\u00a0\u00bb header_3_font=\u00a0\u00bb||||||||\u00a0\u00bb animation_style=\u00a0\u00bbfade\u00a0\u00bb]<\/p>\n<p><strong>M\u00e9thode p\u00e9dagogique :<br \/><\/strong><span style=\"font-size: 18px;\">Apports th\u00e9oriques (diaporama, distribution de ressources documentaires et de l\u2019aide-m\u00e9moire\u00a0<\/span><span style=\"font-size: 18px;\">INRS)<br \/><\/span><span style=\"font-size: 18px;\">Formation pratique et animation participative bas\u00e9e sur des mises en situation d\u2019accidents\u00a0<\/span><span style=\"font-size: 18px;\">simul\u00e9s.<br \/><\/span><span style=\"font-size: 18px;\">Supports p\u00e9dagogiques pouvant s\u2019adapter \u00e0 des personnes en situation d\u2019illettrisme<\/span><\/p>\n<p><strong>Moyens techniques :<br \/><\/strong><span style=\"font-size: 18px;\">&#8211; Plan d\u2019intervention magn\u00e9tique du SST<br \/><\/span><span style=\"font-size: 18px;\">&#8211; Kit de mannequins de la marque: adulte, enfant (1 \u00e0 8 ans) et nourrisson (0 \u00e0 1 an)<br \/><\/span><span style=\"font-size: 18px;\">&#8211; D\u00e9fibrillateur automatique externe p\u00e9dagogique<br \/><\/span><span style=\"font-size: 18px;\">&#8211; Consommables : kit de 12 peaux de visages adulte, 12 peaux de visages enfant, 12 peaux de\u00a0<\/span><span style=\"font-size: 18px;\">visages nourrisson<\/span><\/p>\n<p>&#8211; Poumons de rechange (adulte, enfant, nourrisson)<br \/><span style=\"font-size: 18px;\">&#8211; Simulations de blessures : saignements, plaies et br\u00fblures<br \/><\/span><span style=\"font-size: 18px;\">&#8211; Mat\u00e9riel de simulation pour SST (couvertures, faux outils et objets tranchants, faux disjoncteur,\u00a0<\/span><span style=\"font-size: 18px;\">pommeau de douche, pansement compressif)<br \/><\/span><span style=\"font-size: 18px;\">&#8211; Trousse de s\u00e9curit\u00e9 compl\u00e8te\u00a0<\/span><span style=\"font-size: 18px;\">DVD de l\u2019INRS,<br \/><\/span><span style=\"font-size: 18px;\">&#8211; Vid\u00e9oprojecteur, paper board, marqueurs pour papier et tableau blanc<\/span><\/p>\n<p>[\/et_pb_text][\/et_pb_column][\/et_pb_row][et_pb_row admin_label=\u00a0\u00bbCourse Overview Area \u00a0\u00bb custom_padding=\u00a0\u00bb|||\u00a0\u00bb custom_margin=\u00a0\u00bb|||\u00a0\u00bb _builder_version=\u00a0\u00bb3.0.93&Prime;][et_pb_column type=\u00a0\u00bb4_4&Prime;][et_pb_text admin_label=\u00a0\u00bbTitle\u00a0\u00bb _builder_version=\u00a0\u00bb3.0.93&Prime; header_font=\u00a0\u00bb||||||||\u00a0\u00bb header_3_font=\u00a0\u00bbPoppins|600|||||||\u00a0\u00bb header_3_line_height=\u00a0\u00bb1.2em\u00a0\u00bb custom_margin=\u00a0\u00bb||20px|\u00a0\u00bb animation_style=\u00a0\u00bbfade\u00a0\u00bb]<\/p>\n<h3>Sanction de la formation<\/h3>\n<p>[\/et_pb_text][et_pb_text _builder_version=\u00a0\u00bb3.0.94&Prime; text_font=\u00a0\u00bbPoppins||||||||\u00a0\u00bb text_font_size=\u00a0\u00bb18px\u00a0\u00bb text_line_height=\u00a0\u00bb1.8em\u00a0\u00bb header_font=\u00a0\u00bb||||||||\u00a0\u00bb header_3_font=\u00a0\u00bb||||||||\u00a0\u00bb animation_style=\u00a0\u00bbfade\u00a0\u00bb]<\/p>\n<p>Les crit\u00e8res d\u2019\u00e9valuation utilis\u00e9s pour cette validation sont ceux d\u00e9finis par l\u2019INRS, dans le\u00a0r\u00e9f\u00e9rentiel de formation des Sauveteurs Secouristes du Travail (SST) (utilisation, au national,\u00a0de la m\u00eame grille d&rsquo;\u00e9valuation).<\/p>\n<p>Les stagiaires devront se munir de leur carte SST, le formateur r\u00e9cup\u00e8re les anciennes cartes\u00a0<span style=\"font-size: 18px;\">SST et l&rsquo;organisme de formation UBITECH \u00e9ditera une nouvelle carte SST sous FORPREV\u00a0<\/span><span style=\"font-size: 18px;\">pour les stagiaires ayant re\u00e7u une \u00e9valuation favorable.\u00a0<\/span><span style=\"font-size: 18px;\">Une attestation de fin de formation sera remise aux stagiaires<\/span><\/p>\n<p>\u00a0<\/p>\n<p>[\/et_pb_text][\/et_pb_column][\/et_pb_row][\/et_pb_section][et_pb_section bb_built=\u00a0\u00bb1&Prime; admin_label=\u00a0\u00bbNewsletter Section\u00a0\u00bb _builder_version=\u00a0\u00bb3.5&Prime; background_color=\u00a0\u00bb#000000&Prime; custom_padding=\u00a0\u00bb67px||0||false|false\u00a0\u00bb prev_background_color=\u00a0\u00bb#ffffff\u00a0\u00bb next_background_color=\u00a0\u00bb#000000&Prime;][et_pb_row admin_label=\u00a0\u00bbNewsletter Area\u00a0\u00bb custom_padding=\u00a0\u00bb23px||||false|false\u00a0\u00bb _builder_version=\u00a0\u00bb3.0.93&Prime;][et_pb_column type=\u00a0\u00bb4_4&Prime;][et_pb_text admin_label=\u00a0\u00bbTitle\u00a0\u00bb _builder_version=\u00a0\u00bb3.0.93&Prime; text_font=\u00a0\u00bb||||||||\u00a0\u00bb header_font=\u00a0\u00bb||||||||\u00a0\u00bb header_2_font=\u00a0\u00bbPoppins|600|||||||\u00a0\u00bb header_2_font_size=\u00a0\u00bb36px\u00a0\u00bb header_2_line_height=\u00a0\u00bb1.2em\u00a0\u00bb text_orientation=\u00a0\u00bbcenter\u00a0\u00bb background_layout=\u00a0\u00bbdark\u00a0\u00bb max_width=\u00a0\u00bb550px\u00a0\u00bb module_alignment=\u00a0\u00bbcenter\u00a0\u00bb custom_margin=\u00a0\u00bb||0px|\u00a0\u00bb animation_style=\u00a0\u00bbfade\u00a0\u00bb locked=\u00a0\u00bboff\u00a0\u00bb]<\/p>\n<h2>Pr\u00e9-Inscription<\/h2>\n<p>[\/et_pb_text][et_pb_divider color=\u00a0\u00bb#fdb467&Prime; divider_position=\u00a0\u00bbcenter\u00a0\u00bb divider_weight=\u00a0\u00bb3px\u00a0\u00bb _builder_version=\u00a0\u00bb3.2&Prime; max_width=\u00a0\u00bb50px\u00a0\u00bb module_alignment=\u00a0\u00bbcenter\u00a0\u00bb custom_margin=\u00a0\u00bb||20px|\u00a0\u00bb animation_style=\u00a0\u00bbslide\u00a0\u00bb animation_direction=\u00a0\u00bbtop\u00a0\u00bb animation_intensity_slide=\u00a0\u00bb10%\u00a0\u00bb animation_starting_opacity=\u00a0\u00bb100%\u00a0\u00bb locked=\u00a0\u00bboff\u00a0\u00bb]<\/p>\n<p>\u00a0<\/p>\n<p>[\/et_pb_divider][et_pb_text _builder_version=\u00a0\u00bb3.0.93&Prime; text_font=\u00a0\u00bbPoppins||||||||\u00a0\u00bb text_text_color=\u00a0\u00bbrgba(255,255,255,0.68)\u00a0\u00bb text_font_size=\u00a0\u00bb18px\u00a0\u00bb text_line_height=\u00a0\u00bb1.8em\u00a0\u00bb header_font=\u00a0\u00bb||||||||\u00a0\u00bb text_orientation=\u00a0\u00bbcenter\u00a0\u00bb max_width=\u00a0\u00bb550px\u00a0\u00bb module_alignment=\u00a0\u00bbcenter\u00a0\u00bb custom_margin=\u00a0\u00bb|||\u00a0\u00bb custom_padding=\u00a0\u00bb|||\u00a0\u00bb animation_style=\u00a0\u00bbfade\u00a0\u00bb locked=\u00a0\u00bboff\u00a0\u00bb]<\/p>\n<p>Cette formation vous int\u00e9resse ?<br \/>Contactez-nous en remplissant le formulaire ci-dessous :<\/p>\n<p>[\/et_pb_text][\/et_pb_column][\/et_pb_row][et_pb_row _builder_version=\u00a0\u00bb3.5&Prime; saved_tabs=\u00a0\u00bball\u00a0\u00bb global_module=\u00a0\u00bb1311&Prime;][et_pb_column type=\u00a0\u00bb4_4&Prime;][et_pb_contact_form global_parent=\u00a0\u00bb1311&Prime; email=\u00a0\u00bbcontact@ubitech-formation.com\u00a0\u00bb submit_button_text=\u00a0\u00bbENVOYER\u00a0\u00bb module_id=\u00a0\u00bbet_pb_contact_form_0&Prime; _builder_version=\u00a0\u00bb3.5&Prime; form_field_font=\u00a0\u00bb||||||||\u00a0\u00bb custom_button=\u00a0\u00bbon\u00a0\u00bb button_text_size=\u00a0\u00bb18px\u00a0\u00bb button_text_color=\u00a0\u00bb#ffffff\u00a0\u00bb button_bg_color=\u00a0\u00bb#fdb467&Prime; button_border_color=\u00a0\u00bb#fdb467&Prime; button_border_radius=\u00a0\u00bb0px\u00a0\u00bb button_letter_spacing=\u00a0\u00bb5px\u00a0\u00bb button_font=\u00a0\u00bbPoppins|||on|||||\u00a0\u00bb][et_pb_contact_field field_id=\u00a0\u00bbformation\u00a0\u00bb field_title=\u00a0\u00bbNom de la formation souhait\u00e9e\u00a0\u00bb fullwidth_field=\u00a0\u00bbon\u00a0\u00bb _builder_version=\u00a0\u00bb3.5&Prime;][\/et_pb_contact_field][et_pb_contact_field field_id=\u00a0\u00bbNom\u00a0\u00bb field_title=\u00a0\u00bbVotre Nom\u00a0\u00bb _builder_version=\u00a0\u00bb3.5&Prime; border_radii=\u00a0\u00bbon||||\u00a0\u00bb][\/et_pb_contact_field][et_pb_contact_field field_id=\u00a0\u00bbtel\u00a0\u00bb field_title=\u00a0\u00bbT\u00e9l\u00e9phone\u00a0\u00bb allowed_symbols=\u00a0\u00bbnumbers\u00a0\u00bb _builder_version=\u00a0\u00bb3.5&Prime; border_radii=\u00a0\u00bbon||||\u00a0\u00bb][\/et_pb_contact_field][et_pb_contact_field field_id=\u00a0\u00bbmail\u00a0\u00bb field_title=\u00a0\u00bbVotre Email\u00a0\u00bb field_type=\u00a0\u00bbemail\u00a0\u00bb fullwidth_field=\u00a0\u00bbon\u00a0\u00bb _builder_version=\u00a0\u00bb3.5&Prime; border_radii=\u00a0\u00bbon||||\u00a0\u00bb][\/et_pb_contact_field][et_pb_contact_field field_id=\u00a0\u00bbMessage\u00a0\u00bb field_title=\u00a0\u00bbMessage\u00a0\u00bb field_type=\u00a0\u00bbtext\u00a0\u00bb fullwidth_field=\u00a0\u00bbon\u00a0\u00bb _builder_version=\u00a0\u00bb3.0.47&Prime; border_radii=\u00a0\u00bbon||||\u00a0\u00bb][\/et_pb_contact_field][\/et_pb_contact_form][\/et_pb_column][\/et_pb_row][\/et_pb_section][et_pb_section bb_built=\u00a0\u00bb1&Prime; admin_label=\u00a0\u00bbBorwse More Course Section\u00a0\u00bb _builder_version=\u00a0\u00bb3.5&Prime; background_color=\u00a0\u00bb#000000&Prime; custom_padding=\u00a0\u00bb0|0px|0|0px|false|false\u00a0\u00bb prev_background_color=\u00a0\u00bb#000000&Prime; next_background_color=\u00a0\u00bb#999999&Prime;][et_pb_row admin_label=\u00a0\u00bbBrowse More Course Area \u00a0\u00bb _builder_version=\u00a0\u00bb3.0.93&Prime;][et_pb_column type=\u00a0\u00bb4_4&Prime;][et_pb_button button_url=\u00a0\u00bbhttp:\/\/www.ubitech-formation.com\/index.php\/formations-securite\/\u00a0\u00bb button_text=\u00a0\u00bbVoir toutes les formations s\u00e9curit\u00e9\u00a0\u00bb button_alignment=\u00a0\u00bbcenter\u00a0\u00bb _builder_version=\u00a0\u00bb3.5&Prime; custom_button=\u00a0\u00bbon\u00a0\u00bb button_text_size=\u00a0\u00bb18px\u00a0\u00bb button_text_color=\u00a0\u00bb#fdb467&Prime; button_bg_color=\u00a0\u00bb#000000&Prime; button_border_width=\u00a0\u00bb8px\u00a0\u00bb button_border_color=\u00a0\u00bb#000000&Prime; button_border_radius=\u00a0\u00bb0px\u00a0\u00bb button_letter_spacing=\u00a0\u00bb2px\u00a0\u00bb button_font=\u00a0\u00bbPoppins|600||on|||||\u00a0\u00bb button_icon=\u00a0\u00bb%%3%%\u00a0\u00bb animation_style=\u00a0\u00bbfade\u00a0\u00bb]<\/p>\n<p>\u00a0<\/p>\n<p>[\/et_pb_button][\/et_pb_column][\/et_pb_row][\/et_pb_section][et_pb_section bb_built=\u00a0\u00bb1&Prime; admin_label=\u00a0\u00bbFooter Section\u00a0\u00bb _builder_version=\u00a0\u00bb3.5&Prime; background_color=\u00a0\u00bb#999999&Prime; background_image=\u00a0\u00bbhttp:\/\/www.ubitech-formation.com\/wp-content\/uploads\/2018\/12\/Ubitech-cover.jpg\u00a0\u00bb background_blend=\u00a0\u00bbmultiply\u00a0\u00bb custom_padding=\u00a0\u00bb89px||0||false|false\u00a0\u00bb prev_background_color=\u00a0\u00bb#000000&Prime; global_module=\u00a0\u00bb290&Prime;][et_pb_row admin_label=\u00a0\u00bbFooter Area\u00a0\u00bb global_parent=\u00a0\u00bb290&Prime; _builder_version=\u00a0\u00bb3.0.93&Prime;][et_pb_column type=\u00a0\u00bb1_3&Prime;][et_pb_text admin_label=\u00a0\u00bbTitle\u00a0\u00bb global_parent=\u00a0\u00bb290&Prime; ul_type=\u00a0\u00bbnone\u00a0\u00bb _builder_version=\u00a0\u00bb3.5&Prime; text_font=\u00a0\u00bbPoppins||||||||\u00a0\u00bb text_text_color=\u00a0\u00bbrgba(255,255,255,0.7)\u00a0\u00bb text_font_size=\u00a0\u00bb16px\u00a0\u00bb text_line_height=\u00a0\u00bb1.8em\u00a0\u00bb ul_font=\u00a0\u00bbPoppins||||||||\u00a0\u00bb ul_text_align=\u00a0\u00bbcenter\u00a0\u00bb header_2_font=\u00a0\u00bbPoppins||||||||\u00a0\u00bb header_2_text_align=\u00a0\u00bbcenter\u00a0\u00bb header_2_font_size=\u00a0\u00bb24px\u00a0\u00bb header_2_line_height=\u00a0\u00bb1.4em\u00a0\u00bb text_orientation=\u00a0\u00bbcenter\u00a0\u00bb background_layout=\u00a0\u00bbdark\u00a0\u00bb custom_margin=\u00a0\u00bb||15px|\u00a0\u00bb custom_padding=\u00a0\u00bb|||\u00a0\u00bb animation_style=\u00a0\u00bbfade\u00a0\u00bb]<\/p>\n<h2>Ubitech Formation<\/h2>\n<p>Si\u00e9ge social :<br \/>44 Boulevard de Bon Secours<br \/>13014 Marseille<\/p>\n<p>[\/et_pb_text][\/et_pb_column][et_pb_column type=\u00a0\u00bb1_3&Prime;][et_pb_text admin_label=\u00a0\u00bbTitle\u00a0\u00bb global_parent=\u00a0\u00bb290&Prime; ul_type=\u00a0\u00bbnone\u00a0\u00bb _builder_version=\u00a0\u00bb3.5&Prime; text_font=\u00a0\u00bbPoppins||||||||\u00a0\u00bb text_text_color=\u00a0\u00bbrgba(255,255,255,0.7)\u00a0\u00bb text_font_size=\u00a0\u00bb16px\u00a0\u00bb text_line_height=\u00a0\u00bb1.8em\u00a0\u00bb ul_font=\u00a0\u00bbPoppins||||||||\u00a0\u00bb ul_text_align=\u00a0\u00bbcenter\u00a0\u00bb header_2_font=\u00a0\u00bbPoppins||||||||\u00a0\u00bb header_2_text_align=\u00a0\u00bbcenter\u00a0\u00bb header_2_font_size=\u00a0\u00bb24px\u00a0\u00bb header_2_line_height=\u00a0\u00bb1.4em\u00a0\u00bb text_orientation=\u00a0\u00bbcenter\u00a0\u00bb background_layout=\u00a0\u00bbdark\u00a0\u00bb custom_margin=\u00a0\u00bb||15px|\u00a0\u00bb custom_padding=\u00a0\u00bb|||\u00a0\u00bb animation_style=\u00a0\u00bbfade\u00a0\u00bb]<\/p>\n<h2>\u00a0<\/h2>\n<p>Bureau :<br \/>COUVENT LEVAT <br \/>52 rue Levat<br \/>13003 Marseille<\/p>\n<p>[\/et_pb_text][et_pb_social_media_follow global_parent=\u00a0\u00bb290&Prime; _builder_version=\u00a0\u00bb3.5&Prime; text_orientation=\u00a0\u00bbcenter\u00a0\u00bb custom_margin=\u00a0\u00bb20px|||\u00a0\u00bb][et_pb_social_media_follow_network social_network=\u00a0\u00bbfacebook\u00a0\u00bb url=\u00a0\u00bbhttps:\/\/www.facebook.com\/Ubitech-590331107781496\/\u00a0\u00bb _builder_version=\u00a0\u00bb3.5&Prime; background_color=\u00a0\u00bb#000000&Prime; border_radii=\u00a0\u00bbon|100px|100px|100px|100px\u00a0\u00bb custom_margin=\u00a0\u00bb|8px||8px\u00a0\u00bb custom_padding=\u00a0\u00bb14px|14px|14px|14px\u00a0\u00bb follow_button=\u00a0\u00bboff\u00a0\u00bb url_new_window=\u00a0\u00bbon\u00a0\u00bb]facebook[\/et_pb_social_media_follow_network][et_pb_social_media_follow_network social_network=\u00a0\u00bbinstagram\u00a0\u00bb url=\u00a0\u00bbhttps:\/\/www.instagram.com\/ubitechformation\/\u00a0\u00bb _builder_version=\u00a0\u00bb3.5&Prime; background_color=\u00a0\u00bb#000000&Prime; border_radii=\u00a0\u00bbon|100px|100px|100px|100px\u00a0\u00bb custom_margin=\u00a0\u00bb|8px||8px\u00a0\u00bb custom_padding=\u00a0\u00bb14px|14px|14px|14px\u00a0\u00bb follow_button=\u00a0\u00bboff\u00a0\u00bb url_new_window=\u00a0\u00bbon\u00a0\u00bb]instagram[\/et_pb_social_media_follow_network][\/et_pb_social_media_follow][\/et_pb_column][et_pb_column type=\u00a0\u00bb1_3&Prime;][et_pb_text admin_label=\u00a0\u00bbTitle\u00a0\u00bb global_parent=\u00a0\u00bb290&Prime; ul_type=\u00a0\u00bbnone\u00a0\u00bb _builder_version=\u00a0\u00bb3.5&Prime; text_font=\u00a0\u00bbPoppins||||||||\u00a0\u00bb text_text_color=\u00a0\u00bbrgba(255,255,255,0.7)\u00a0\u00bb text_font_size=\u00a0\u00bb16px\u00a0\u00bb text_line_height=\u00a0\u00bb1.8em\u00a0\u00bb ul_font=\u00a0\u00bbPoppins||||||||\u00a0\u00bb ul_text_align=\u00a0\u00bbcenter\u00a0\u00bb header_2_font=\u00a0\u00bbPoppins||||||||\u00a0\u00bb header_2_text_align=\u00a0\u00bbcenter\u00a0\u00bb header_2_font_size=\u00a0\u00bb24px\u00a0\u00bb header_2_line_height=\u00a0\u00bb1.4em\u00a0\u00bb text_orientation=\u00a0\u00bbcenter\u00a0\u00bb background_layout=\u00a0\u00bbdark\u00a0\u00bb custom_margin=\u00a0\u00bb||15px|\u00a0\u00bb custom_padding=\u00a0\u00bb|||\u00a0\u00bb animation_style=\u00a0\u00bbfade\u00a0\u00bb]<\/p>\n<h2>Contact<\/h2>\n<p>T\u00e9l. (port.): 06.50.41.08.16<br \/>T\u00e9l : 09.81.99.58.87<\/p>\n<p><a href=\"http:\/\/www.ubitech-formation.com\/index.php\/contact\/\">contact@ubitech-formation.com<\/a><\/p>\n<p>[\/et_pb_text][\/et_pb_column][\/et_pb_row][\/et_pb_section]<\/p>\n","protected":false},"excerpt":{"rendered":"<p>Sauveteur Secouriste du Travail (MAC) Dur\u00e9e : 7hDates : Nous consulter ou voir\u00a0 calendrierDate limite d&rsquo;inscription aupr\u00e8s de l\u2019Afdas: 4 semaines avant le d\u00e9but de la formationCo\u00fbt de la formation : Nous consulter. Prise en charge Opca (Afdas etc\u2026.)Nombre maximum de participants :\u00a012 \u00a0 Pr\u00e9sentation de la formation \u00a0 Le maintien et d&rsquo;actualisation des comp\u00e9tences [&hellip;]<\/p>\n","protected":false},"author":1,"featured_media":0,"parent":0,"menu_order":0,"comment_status":"closed","ping_status":"closed","template":"","meta":{"_et_pb_use_builder":"on","_et_pb_old_content":"","_et_gb_content_width":"","footnotes":""},"class_list":["post-363","page","type-page","status-publish","hentry"],"yoast_head":"<!-- This site is optimized with the Yoast SEO plugin v27.1.1 - https:\/\/yoast.com\/product\/yoast-seo-wordpress\/ -->\n<title>S\u00e9curit\u00e9 - SST MAC - Ubitech Formation<\/title>\n<meta name=\"robots\" content=\"index, follow, max-snippet:-1, max-image-preview:large, max-video-preview:-1\" \/>\n<link rel=\"canonical\" href=\"https:\/\/www.ubitech-formation.com\/index.php\/securite-sst-mac\/\" \/>\n<meta property=\"og:locale\" content=\"fr_FR\" \/>\n<meta property=\"og:type\" content=\"article\" \/>\n<meta property=\"og:title\" content=\"S\u00e9curit\u00e9 - SST MAC - Ubitech Formation\" \/>\n<meta property=\"og:description\" content=\"Sauveteur Secouriste du Travail (MAC) Dur\u00e9e : 7hDates : Nous consulter ou voir\u00a0 calendrierDate limite d&#039;inscription aupr\u00e8s de l\u2019Afdas: 4 semaines avant le d\u00e9but de la formationCo\u00fbt de la formation : Nous consulter. Prise en charge Opca (Afdas etc\u2026.)Nombre maximum de participants :\u00a012 \u00a0 Pr\u00e9sentation de la formation \u00a0 Le maintien et d&#039;actualisation des comp\u00e9tences [&hellip;]\" \/>\n<meta property=\"og:url\" content=\"https:\/\/www.ubitech-formation.com\/index.php\/securite-sst-mac\/\" \/>\n<meta property=\"og:site_name\" content=\"Ubitech Formation\" \/>\n<meta property=\"article:modified_time\" content=\"2019-06-17T12:59:52+00:00\" \/>\n<meta name=\"twitter:card\" content=\"summary_large_image\" \/>\n<meta name=\"twitter:label1\" content=\"Dur\u00e9e de lecture estim\u00e9e\" \/>\n\t<meta name=\"twitter:data1\" content=\"12 minutes\" \/>\n<script type=\"application\/ld+json\" class=\"yoast-schema-graph\">{\"@context\":\"https:\/\/schema.org\",\"@graph\":[{\"@type\":\"WebPage\",\"@id\":\"https:\/\/www.ubitech-formation.com\/index.php\/securite-sst-mac\/\",\"url\":\"https:\/\/www.ubitech-formation.com\/index.php\/securite-sst-mac\/\",\"name\":\"S\u00e9curit\u00e9 - SST MAC - Ubitech Formation\",\"isPartOf\":{\"@id\":\"https:\/\/www.ubitech-formation.com\/#website\"},\"datePublished\":\"2019-02-28T12:18:49+00:00\",\"dateModified\":\"2019-06-17T12:59:52+00:00\",\"breadcrumb\":{\"@id\":\"https:\/\/www.ubitech-formation.com\/index.php\/securite-sst-mac\/#breadcrumb\"},\"inLanguage\":\"fr-FR\",\"potentialAction\":[{\"@type\":\"ReadAction\",\"target\":[\"https:\/\/www.ubitech-formation.com\/index.php\/securite-sst-mac\/\"]}]},{\"@type\":\"BreadcrumbList\",\"@id\":\"https:\/\/www.ubitech-formation.com\/index.php\/securite-sst-mac\/#breadcrumb\",\"itemListElement\":[{\"@type\":\"ListItem\",\"position\":1,\"name\":\"Accueil\",\"item\":\"https:\/\/www.ubitech-formation.com\/\"},{\"@type\":\"ListItem\",\"position\":2,\"name\":\"S\u00e9curit\u00e9 &#8211; SST MAC\"}]},{\"@type\":\"WebSite\",\"@id\":\"https:\/\/www.ubitech-formation.com\/#website\",\"url\":\"https:\/\/www.ubitech-formation.com\/\",\"name\":\"Ubitech Formation\",\"description\":\"Formations Techniques et s\u00e9curit\u00e9s spectacle vivant &amp; \u00e9v\u00e9nementiel\",\"publisher\":{\"@id\":\"https:\/\/www.ubitech-formation.com\/#organization\"},\"potentialAction\":[{\"@type\":\"SearchAction\",\"target\":{\"@type\":\"EntryPoint\",\"urlTemplate\":\"https:\/\/www.ubitech-formation.com\/?s={search_term_string}\"},\"query-input\":{\"@type\":\"PropertyValueSpecification\",\"valueRequired\":true,\"valueName\":\"search_term_string\"}}],\"inLanguage\":\"fr-FR\"},{\"@type\":\"Organization\",\"@id\":\"https:\/\/www.ubitech-formation.com\/#organization\",\"name\":\"Ubitech Formations\",\"url\":\"https:\/\/www.ubitech-formation.com\/\",\"logo\":{\"@type\":\"ImageObject\",\"inLanguage\":\"fr-FR\",\"@id\":\"https:\/\/www.ubitech-formation.com\/#\/schema\/logo\/image\/\",\"url\":\"https:\/\/www.ubitech-formation.com\/wp-content\/uploads\/2018\/12\/Ubitech-Formation-spectacle.png\",\"contentUrl\":\"https:\/\/www.ubitech-formation.com\/wp-content\/uploads\/2018\/12\/Ubitech-Formation-spectacle.png\",\"width\":500,\"height\":614,\"caption\":\"Ubitech Formations\"},\"image\":{\"@id\":\"https:\/\/www.ubitech-formation.com\/#\/schema\/logo\/image\/\"}}]}<\/script>\n<!-- \/ Yoast SEO plugin. -->","yoast_head_json":{"title":"S\u00e9curit\u00e9 - SST MAC - Ubitech Formation","robots":{"index":"index","follow":"follow","max-snippet":"max-snippet:-1","max-image-preview":"max-image-preview:large","max-video-preview":"max-video-preview:-1"},"canonical":"https:\/\/www.ubitech-formation.com\/index.php\/securite-sst-mac\/","og_locale":"fr_FR","og_type":"article","og_title":"S\u00e9curit\u00e9 - SST MAC - Ubitech Formation","og_description":"Sauveteur Secouriste du Travail (MAC) Dur\u00e9e : 7hDates : Nous consulter ou voir\u00a0 calendrierDate limite d'inscription aupr\u00e8s de l\u2019Afdas: 4 semaines avant le d\u00e9but de la formationCo\u00fbt de la formation : Nous consulter. Prise en charge Opca (Afdas etc\u2026.)Nombre maximum de participants :\u00a012 \u00a0 Pr\u00e9sentation de la formation \u00a0 Le maintien et d'actualisation des comp\u00e9tences [&hellip;]","og_url":"https:\/\/www.ubitech-formation.com\/index.php\/securite-sst-mac\/","og_site_name":"Ubitech Formation","article_modified_time":"2019-06-17T12:59:52+00:00","twitter_card":"summary_large_image","twitter_misc":{"Dur\u00e9e de lecture estim\u00e9e":"12 minutes"},"schema":{"@context":"https:\/\/schema.org","@graph":[{"@type":"WebPage","@id":"https:\/\/www.ubitech-formation.com\/index.php\/securite-sst-mac\/","url":"https:\/\/www.ubitech-formation.com\/index.php\/securite-sst-mac\/","name":"S\u00e9curit\u00e9 - SST MAC - Ubitech Formation","isPartOf":{"@id":"https:\/\/www.ubitech-formation.com\/#website"},"datePublished":"2019-02-28T12:18:49+00:00","dateModified":"2019-06-17T12:59:52+00:00","breadcrumb":{"@id":"https:\/\/www.ubitech-formation.com\/index.php\/securite-sst-mac\/#breadcrumb"},"inLanguage":"fr-FR","potentialAction":[{"@type":"ReadAction","target":["https:\/\/www.ubitech-formation.com\/index.php\/securite-sst-mac\/"]}]},{"@type":"BreadcrumbList","@id":"https:\/\/www.ubitech-formation.com\/index.php\/securite-sst-mac\/#breadcrumb","itemListElement":[{"@type":"ListItem","position":1,"name":"Accueil","item":"https:\/\/www.ubitech-formation.com\/"},{"@type":"ListItem","position":2,"name":"S\u00e9curit\u00e9 &#8211; SST MAC"}]},{"@type":"WebSite","@id":"https:\/\/www.ubitech-formation.com\/#website","url":"https:\/\/www.ubitech-formation.com\/","name":"Ubitech Formation","description":"Formations Techniques et s\u00e9curit\u00e9s spectacle vivant &amp; \u00e9v\u00e9nementiel","publisher":{"@id":"https:\/\/www.ubitech-formation.com\/#organization"},"potentialAction":[{"@type":"SearchAction","target":{"@type":"EntryPoint","urlTemplate":"https:\/\/www.ubitech-formation.com\/?s={search_term_string}"},"query-input":{"@type":"PropertyValueSpecification","valueRequired":true,"valueName":"search_term_string"}}],"inLanguage":"fr-FR"},{"@type":"Organization","@id":"https:\/\/www.ubitech-formation.com\/#organization","name":"Ubitech Formations","url":"https:\/\/www.ubitech-formation.com\/","logo":{"@type":"ImageObject","inLanguage":"fr-FR","@id":"https:\/\/www.ubitech-formation.com\/#\/schema\/logo\/image\/","url":"https:\/\/www.ubitech-formation.com\/wp-content\/uploads\/2018\/12\/Ubitech-Formation-spectacle.png","contentUrl":"https:\/\/www.ubitech-formation.com\/wp-content\/uploads\/2018\/12\/Ubitech-Formation-spectacle.png","width":500,"height":614,"caption":"Ubitech Formations"},"image":{"@id":"https:\/\/www.ubitech-formation.com\/#\/schema\/logo\/image\/"}}]}},"_links":{"self":[{"href":"https:\/\/www.ubitech-formation.com\/index.php\/wp-json\/wp\/v2\/pages\/363","targetHints":{"allow":["GET"]}}],"collection":[{"href":"https:\/\/www.ubitech-formation.com\/index.php\/wp-json\/wp\/v2\/pages"}],"about":[{"href":"https:\/\/www.ubitech-formation.com\/index.php\/wp-json\/wp\/v2\/types\/page"}],"author":[{"embeddable":true,"href":"https:\/\/www.ubitech-formation.com\/index.php\/wp-json\/wp\/v2\/users\/1"}],"replies":[{"embeddable":true,"href":"https:\/\/www.ubitech-formation.com\/index.php\/wp-json\/wp\/v2\/comments?post=363"}],"version-history":[{"count":15,"href":"https:\/\/www.ubitech-formation.com\/index.php\/wp-json\/wp\/v2\/pages\/363\/revisions"}],"predecessor-version":[{"id":1370,"href":"https:\/\/www.ubitech-formation.com\/index.php\/wp-json\/wp\/v2\/pages\/363\/revisions\/1370"}],"wp:attachment":[{"href":"https:\/\/www.ubitech-formation.com\/index.php\/wp-json\/wp\/v2\/media?parent=363"}],"curies":[{"name":"wp","href":"https:\/\/api.w.org\/{rel}","templated":true}]}}